{"id":6,"date":"2024-09-03T05:52:50","date_gmt":"2024-09-03T05:52:50","guid":{"rendered":"https:\/\/templates.animation-addons.com\/classic-architecture\/?page_id=6"},"modified":"2026-04-09T09:20:29","modified_gmt":"2026-04-09T09:20:29","slug":"viviendas-vpo-espartinas-villas-del-espartal-2","status":"publish","type":"page","link":"https:\/\/edificiolaportada.com\/","title":{"rendered":"Viviendas VPOBormujos | Edificio La Portada"},"content":{"rendered":"\t\t<div data-elementor-type=\"wp-page\" data-elementor-id=\"6\" class=\"elementor elementor-6\" data-elementor-post-type=\"page\">\n\t\t\t\t<div class=\"elementor-element elementor-element-5c0743b8 e-con-full e-flex wcf-starter-animations-none e-con e-parent\" data-id=\"5c0743b8\" data-element_type=\"container\" data-e-type=\"container\" id=\"DOSIER\" data-settings=\"{&quot;background_background&quot;:&quot;video&quot;,&quot;background_video_link&quot;:&quot;https:\\\/\\\/edificiolaportada.com\\\/wp-content\\\/uploads\\\/2026\\\/03\\\/xenvato_video_gen_Jan_22_2026_14_36_32.mp4&quot;,&quot;background_play_on_mobile&quot;:&quot;yes&quot;}\">\n\t\t<div class=\"elementor-background-video-container\">\n\t\t\t\t\t\t\t<video class=\"elementor-background-video-hosted\" role=\"presentation\" autoplay muted playsinline loop><\/video>\n\t\t\t\t\t<\/div><div class=\"elementor-element elementor-element-ed2529b e-flex e-con-boxed wcf-starter-animations-none e-con e-child\" data-id=\"ed2529b\" data-element_type=\"container\" data-e-type=\"container\">\n\t\t\t\t\t<div class=\"e-con-inner\">\n\t\t<div class=\"elementor-element elementor-element-a198c41 e-con-full e-flex wcf-starter-animations-none e-con e-child\" data-id=\"a198c41\" data-element_type=\"container\" data-e-type=\"container\">\n\t\t\t\t<div class=\"elementor-element elementor-element-d2c8052 elementor-widget-mobile__width-initial wcf-starter-animations-none elementor-widget elementor-widget-image\" data-id=\"d2c8052\" data-element_type=\"widget\" data-e-type=\"widget\" data-settings=\"{&quot;wcf_starter_animations&quot;:&quot;none&quot;,&quot;wcf_anim_duration&quot;:1000,&quot;wcf_anim_delay&quot;:0,&quot;wcf_anim_ease&quot;:&quot;ease&quot;}\" data-widget_type=\"image.default\">\n\t\t\t\t\t\t\t\t\t\t\t\t\t\t\t<img decoding=\"async\" width=\"300\" height=\"97\" src=\"https:\/\/edificiolaportada.com\/wp-content\/uploads\/2026\/03\/logo-300x97.png\" class=\"attachment-medium size-medium wp-image-12883\" alt=\"\" srcset=\"https:\/\/edificiolaportada.com\/wp-content\/uploads\/2026\/03\/logo-300x97.png 300w, https:\/\/edificiolaportada.com\/wp-content\/uploads\/2026\/03\/logo-768x247.png 768w, https:\/\/edificiolaportada.com\/wp-content\/uploads\/2026\/03\/logo.png 835w\" sizes=\"(max-width: 300px) 100vw, 300px\" \/>\t\t\t\t\t\t\t\t\t\t\t\t\t\t\t<\/div>\n\t\t\t\t<\/div>\n\t\t<div class=\"elementor-element elementor-element-8fe4cb9 e-con-full e-flex wcf-starter-animations-none e-con e-child\" data-id=\"8fe4cb9\" data-element_type=\"container\" data-e-type=\"container\">\n\t\t\t\t<div class=\"elementor-element elementor-element-0d43b29 elementor-widget__width-initial wcf-starter-animations-none elementor-widget elementor-widget-heading\" data-id=\"0d43b29\" data-element_type=\"widget\" data-e-type=\"widget\" data-settings=\"{&quot;wcf_starter_animations&quot;:&quot;none&quot;,&quot;wcf_anim_duration&quot;:1000,&quot;wcf_anim_delay&quot;:0,&quot;wcf_anim_ease&quot;:&quot;ease&quot;}\" data-widget_type=\"heading.default\">\n\t\t\t\t\t<h1 class=\"elementor-heading-title elementor-size-default\">Viviendas de Protecci\u00f3n Oficial en Bormujos \u2014 Edificio La Portada<\/h1>\t\t\t\t<\/div>\n\t\t\t\t<div class=\"elementor-element elementor-element-1b10322 elementor-widget__width-initial titulo-principal wcf-starter-animations-none elementor-widget elementor-widget-heading\" data-id=\"1b10322\" data-element_type=\"widget\" data-e-type=\"widget\" data-settings=\"{&quot;wcf_starter_animations&quot;:&quot;none&quot;,&quot;wcf_anim_duration&quot;:1000,&quot;wcf_anim_delay&quot;:0,&quot;wcf_anim_ease&quot;:&quot;ease&quot;}\" data-widget_type=\"heading.default\">\n\t\t\t\t\t<h2 class=\"elementor-heading-title elementor-size-default\">Edificio La Portada es una promoci\u00f3n de viviendas de Protecci\u00f3n Oficial (VPO) en Bormujos \n<\/h2>\t\t\t\t<\/div>\n\t\t\t\t<div class=\"elementor-element elementor-element-dc28014 elementor-widget__width-initial texto-descripcion wcf-starter-animations-none elementor-widget elementor-widget-heading\" data-id=\"dc28014\" data-element_type=\"widget\" data-e-type=\"widget\" data-settings=\"{&quot;wcf_starter_animations&quot;:&quot;none&quot;,&quot;wcf_anim_duration&quot;:1000,&quot;wcf_anim_delay&quot;:0,&quot;wcf_anim_ease&quot;:&quot;ease&quot;}\" data-widget_type=\"heading.default\">\n\t\t\t\t\t<h2 class=\"elementor-heading-title elementor-size-default\">Apartamentos, adosados y \u00e1ticos con sol\u00e1rium. Ubicada en la Calle Paraje de Paterna<\/h2>\t\t\t\t<\/div>\n\t\t\t\t<\/div>\n\t\t\t\t\t<\/div>\n\t\t\t\t<\/div>\n\t\t\t\t<\/div>\n\t\t<div class=\"elementor-element elementor-element-12031168 animated-slow e-flex e-con-boxed wcf-starter-animations-none elementor-invisible e-con e-parent\" data-id=\"12031168\" data-element_type=\"container\" data-e-type=\"container\" data-settings=\"{&quot;animation&quot;:&quot;fadeIn&quot;,&quot;background_background&quot;:&quot;classic&quot;}\">\n\t\t\t\t\t<div class=\"e-con-inner\">\n\t\t<div class=\"elementor-element elementor-element-4c381003 e-con-full e-flex wcf-starter-animations-none e-con e-child\" data-id=\"4c381003\" data-element_type=\"container\" data-e-type=\"container\" data-settings=\"{&quot;background_background&quot;:&quot;classic&quot;}\">\n\t\t\t\t<div class=\"elementor-element elementor-element-5bfb544b elementor-view-default elementor-widget elementor-widget-icon\" data-id=\"5bfb544b\" data-element_type=\"widget\" data-e-type=\"widget\" data-widget_type=\"icon.default\">\n\t\t\t\t\t\t\t<div class=\"elementor-icon-wrapper\">\n\t\t\t<div class=\"elementor-icon\">\n\t\t\t\t\t\t<\/div>\n\t\t<\/div>\n\t\t\t\t\t\t<\/div>\n\t\t<div class=\"elementor-element elementor-element-6c0057ab e-con-full e-flex wcf-starter-animations-none e-con e-child\" data-id=\"6c0057ab\" data-element_type=\"container\" data-e-type=\"container\">\n\t\t\t\t<div class=\"elementor-element elementor-element-326af20 wcf-starter-animations-none elementor-widget elementor-widget-image\" data-id=\"326af20\" data-element_type=\"widget\" data-e-type=\"widget\" data-settings=\"{&quot;wcf_starter_animations&quot;:&quot;none&quot;,&quot;wcf_anim_duration&quot;:1000,&quot;wcf_anim_delay&quot;:0,&quot;wcf_anim_ease&quot;:&quot;ease&quot;}\" data-widget_type=\"image.default\">\n\t\t\t\t\t\t\t\t\t\t\t\t\t\t\t<img fetchpriority=\"high\" decoding=\"async\" width=\"800\" height=\"440\" src=\"https:\/\/edificiolaportada.com\/wp-content\/uploads\/2026\/03\/LOGO-LIVING-VPO-ORIGINAL-V1-AM-03-03-2026-1024x563.png\" class=\"attachment-large size-large wp-image-12352\" alt=\"\" srcset=\"https:\/\/edificiolaportada.com\/wp-content\/uploads\/2026\/03\/LOGO-LIVING-VPO-ORIGINAL-V1-AM-03-03-2026-1024x563.png 1024w, https:\/\/edificiolaportada.com\/wp-content\/uploads\/2026\/03\/LOGO-LIVING-VPO-ORIGINAL-V1-AM-03-03-2026-300x165.png 300w, https:\/\/edificiolaportada.com\/wp-content\/uploads\/2026\/03\/LOGO-LIVING-VPO-ORIGINAL-V1-AM-03-03-2026-768x422.png 768w, https:\/\/edificiolaportada.com\/wp-content\/uploads\/2026\/03\/LOGO-LIVING-VPO-ORIGINAL-V1-AM-03-03-2026-1536x845.png 1536w, https:\/\/edificiolaportada.com\/wp-content\/uploads\/2026\/03\/LOGO-LIVING-VPO-ORIGINAL-V1-AM-03-03-2026-2048x1127.png 2048w\" sizes=\"(max-width: 800px) 100vw, 800px\" \/>\t\t\t\t\t\t\t\t\t\t\t\t\t\t\t<\/div>\n\t\t\t\t<\/div>\n\t\t\t\t<div class=\"elementor-element elementor-element-c836c36 wcf-starter-animations-none elementor-widget elementor-widget-wcf--title\" data-id=\"c836c36\" data-element_type=\"widget\" data-e-type=\"widget\" data-settings=\"{&quot;wcf_starter_animations&quot;:&quot;none&quot;,&quot;wcf_anim_duration&quot;:1000,&quot;wcf_anim_delay&quot;:0,&quot;wcf_anim_ease&quot;:&quot;ease&quot;}\" data-widget_type=\"wcf--title.default\">\n\t\t\t\t<div class=\"elementor-widget-container\">\n\t\t\t\t\t<h4 class=\"wcf--title\">\u00bfQuieres acceder a estas viviendas VPO en Bormujos?<\/h4>\t\t\t\t<\/div>\n\t\t\t\t<\/div>\n\t\t\t\t<div class=\"elementor-element elementor-element-63a2af64 elementor-icon-list--layout-traditional elementor-list-item-link-full_width elementor-widget elementor-widget-icon-list\" data-id=\"63a2af64\" data-element_type=\"widget\" data-e-type=\"widget\" data-widget_type=\"icon-list.default\">\n\t\t\t\t\t\t\t<ul class=\"elementor-icon-list-items\">\n\t\t\t\t\t\t\t<li class=\"elementor-icon-list-item\">\n\t\t\t\t\t\t\t\t\t\t\t<a href=\"#form\">\n\n\t\t\t\t\t\t\t\t\t\t\t<span class=\"elementor-icon-list-text\">Para acceder a Edificio La Portada es <strong>obligatorio estar inscrito<\/strong>          en el Registro de Demandantes de Vivienda Protegida del Ayuntamiento de Bormujos.<\/span>\n\t\t\t\t\t\t\t\t\t\t\t<\/a>\n\t\t\t\t\t\t\t\t\t<\/li>\n\t\t\t\t\t\t<\/ul>\n\t\t\t\t\t\t<\/div>\n\t\t\t\t<div class=\"elementor-element elementor-element-3f766f95 elementor-widget__width-initial elementor-widget elementor-widget-wcf--button\" data-id=\"3f766f95\" data-element_type=\"widget\" data-e-type=\"widget\" data-widget_type=\"wcf--button.default\">\n\t\t\t\t<div class=\"elementor-widget-container\">\n\t\t\t\t\t\t\t<div class=\"wcf__btn\">\r\n\t\t\t\t\t\t\t<a href=\"https:\/\/edificiolaportada.com\/wp-json\/wp\/v2\/pages\/6\" class=\"wcf-btn-default btn-rollover-left\">\r\n\t\t\t\t\t<svg aria-hidden=\"true\" class=\"e-font-icon-svg e-far-envelope-open\" viewBox=\"0 0 512 512\" xmlns=\"http:\/\/www.w3.org\/2000\/svg\"><path d=\"M494.586 164.516c-4.697-3.883-111.723-89.95-135.251-108.657C337.231 38.191 299.437 0 256 0c-43.205 0-80.636 37.717-103.335 55.859-24.463 19.45-131.07 105.195-135.15 108.549A48.004 48.004 0 0 0 0 201.485V464c0 26.51 21.49 48 48 48h416c26.51 0 48-21.49 48-48V201.509a48 48 0 0 0-17.414-36.993zM464 458a6 6 0 0 1-6 6H54a6 6 0 0 1-6-6V204.347c0-1.813.816-3.526 2.226-4.665 15.87-12.814 108.793-87.554 132.364-106.293C200.755 78.88 232.398 48 256 48c23.693 0 55.857 31.369 73.41 45.389 23.573 18.741 116.503 93.493 132.366 106.316a5.99 5.99 0 0 1 2.224 4.663V458zm-31.991-187.704c4.249 5.159 3.465 12.795-1.745 16.981-28.975 23.283-59.274 47.597-70.929 56.863C336.636 362.283 299.205 400 256 400c-43.452 0-81.287-38.237-103.335-55.86-11.279-8.967-41.744-33.413-70.927-56.865-5.21-4.187-5.993-11.822-1.745-16.981l15.258-18.528c4.178-5.073 11.657-5.843 16.779-1.726 28.618 23.001 58.566 47.035 70.56 56.571C200.143 320.631 232.307 352 256 352c23.602 0 55.246-30.88 73.41-45.389 11.994-9.535 41.944-33.57 70.563-56.568 5.122-4.116 12.601-3.346 16.778 1.727l15.258 18.526z\"><\/path><\/svg>\t\t\t\t\tQuiero Apuntarme\t\t\t\t<\/a>\r\n\t\t\t\t\t\t<\/div>\r\n\t\t\t\t\t\t<\/div>\n\t\t\t\t<\/div>\n\t\t\t\t<\/div>\n\t\t\t\t\t<\/div>\n\t\t\t\t<\/div>\n\t\t<div class=\"elementor-element elementor-element-ccb6bfa e-flex e-con-boxed wcf-starter-animations-none e-con e-parent\" data-id=\"ccb6bfa\" data-element_type=\"container\" data-e-type=\"container\">\n\t\t\t\t\t<div class=\"e-con-inner\">\n\t\t\t\t<div class=\"elementor-element elementor-element-7a75d64 elementor-widget__width-initial elementor-widget-mobile__width-initial elementor-widget elementor-widget-html\" data-id=\"7a75d64\" data-element_type=\"widget\" data-e-type=\"widget\" data-widget_type=\"html.default\">\n\t\t\t\t\t<!-- WIDGET 2: BADGES Y CTA TEL\u00c9FONO -->\r\n\r\n<div class=\"mpds-proyecto-badges\">\r\n    <!-- Badge Promotora -->\r\n    <div class=\"mpds-badge\">\r\n        <div class=\"mpds-badge-icon\">\r\n            <svg width=\"20\" height=\"20\" viewBox=\"0 0 24 24\" fill=\"none\" stroke=\"currentColor\" stroke-width=\"2\">\r\n                <path d=\"M20 21v-2a4 4 0 0 0-4-4H8a4 4 0 0 0-4 4v2\"><\/path>\r\n                <circle cx=\"12\" cy=\"7\" r=\"4\"><\/circle>\r\n            <\/svg>\r\n        <\/div>\r\n        <div class=\"mpds-badge-content\">\r\n            <span class=\"mpds-badge-label\">Promotora<\/span>\r\n            <span class=\"mpds-badge-value\">Guadalsur Actuaciones Inmobiliarias S.L.<\/span>\r\n        <\/div>\r\n    <\/div>\r\n\r\n    <!-- Badge Superficie -->\r\n<div class=\"mpds-badge\">\r\n    <div class=\"mpds-badge-icon\">\r\n        <svg width=\"20\" height=\"20\" viewBox=\"0 0 24 24\" fill=\"none\" stroke=\"currentColor\" stroke-width=\"2\">\r\n            <rect x=\"2\" y=\"2\" width=\"20\" height=\"20\" rx=\"2\"><\/rect>\r\n            <path d=\"M7 2v20\"><\/path>\r\n            <path d=\"M17 2v20\"><\/path>\r\n            <path d=\"M2 12h20\"><\/path>\r\n            <polyline points=\"4,8 2,12 4,16\"><\/polyline>\r\n            <polyline points=\"20,8 22,12 20,16\"><\/polyline>\r\n        <\/svg>\r\n    <\/div>\r\n    <div class=\"mpds-badge-content\">\r\n        <span class=\"mpds-badge-label\">Superficie \u00fatil<\/span>\r\n        <span class=\"mpds-badge-value\">Desde 54,89 m\u00b2<\/span>\r\n    <\/div>\r\n<\/div>\r\n<!-- Badge Superficie -->\r\n    <div class=\"mpds-badge\">\r\n        <div class=\"mpds-badge-icon\">\r\n            <svg width=\"20\" height=\"20\" viewBox=\"0 0 24 24\" fill=\"none\" stroke=\"currentColor\" stroke-width=\"2\">\r\n                <rect x=\"3\" y=\"3\" width=\"7\" height=\"7\"><\/rect>\r\n                <rect x=\"14\" y=\"3\" width=\"7\" height=\"7\"><\/rect>\r\n                <rect x=\"14\" y=\"14\" width=\"7\" height=\"7\"><\/rect>\r\n                <rect x=\"3\" y=\"14\" width=\"7\" height=\"7\"><\/rect>\r\n            <\/svg>\r\n        <\/div>\r\n        <div class=\"mpds-badge-content\">\r\n            <span class=\"mpds-badge-label\">Tipolog\u00eda<\/span>\r\n            <span class=\"mpds-badge-value\">Viviendas de 2 y 3 dormitorios<\/span>\r\n        <\/div>\r\n    <\/div>\r\n\r\n    <!-- Badge Precio -->\r\n<div class=\"mpds-badge\">\r\n    <div class=\"mpds-badge-icon\">\r\n        <svg width=\"20\" height=\"20\" viewBox=\"0 0 24 24\" fill=\"none\" stroke=\"currentColor\" stroke-width=\"2\">\r\n            <path d=\"M20.59 13.41l-7.17 7.17a2 2 0 0 1-2.83 0L2 12V2h10l8.59 8.59a2 2 0 0 1 0 2.82z\"><\/path>\r\n            <line x1=\"7\" y1=\"7\" x2=\"7.01\" y2=\"7\"><\/line>\r\n        <\/svg>\r\n    <\/div>\r\n    <div class=\"mpds-badge-content\">\r\n        <span class=\"mpds-badge-label\">Precio<\/span>\r\n        <span class=\"mpds-badge-value\">Desde 173.200 \u20ac<\/span>\r\n    <\/div>\r\n<\/div>\r\n\r\n    <!-- CTA TEL\u00c9FONO (ocupa todo el ancho) -->\r\n    <div class=\"mpds-cta-telefono\">\r\n        <div class=\"mpds-cta-icon\">\r\n            <svg width=\"28\" height=\"28\" viewBox=\"0 0 24 24\" fill=\"none\" stroke=\"currentColor\" stroke-width=\"2\">\r\n                <path d=\"M22 16.92v3a2 2 0 0 1-2.18 2 19.79 19.79 0 0 1-8.63-3.07 19.5 19.5 0 0 1-6-6 19.79 19.79 0 0 1-3.07-8.67A2 2 0 0 1 4.11 2h3a2 2 0 0 1 2 1.72 12.84 12.84 0 0 0 .7 2.81 2 2 0 0 1-.45 2.11L8.09 9.91a16 16 0 0 0 6 6l1.27-1.27a2 2 0 0 1 2.11-.45 12.84 12.84 0 0 0 2.81.7A2 2 0 0 1 22 16.92z\"><\/path>\r\n            <\/svg>\r\n        <\/div>\r\n        <div class=\"mpds-cta-content\">\r\n            <span class=\"mpds-cta-label\">Ll\u00e1manos ahora<\/span>\r\n            <a href=\"tel:628302685\" class=\"mpds-cta-numero\">628 302 685<\/a>\r\n        <\/div>\r\n    <\/div>\r\n<\/div>\r\n\r\n<style>\r\n.mpds-proyecto-badges {\r\n    width: 100%;\r\n    padding: 60px 20px;\r\n    background-color: transparent;\r\n    display: flex;\r\n    gap: 15px;\r\n    flex-wrap: wrap;\r\n}\r\n\r\n.mpds-badge {\r\n    background: #f5f5f5;\r\n    border-radius: 8px;\r\n    padding: 20px;\r\n    display: flex;\r\n    flex-direction: column;\r\n    align-items: flex-start;\r\n    gap: 10px;\r\n    flex: 1;\r\n    min-width: 150px;\r\n    transition: all 0.3s ease;\r\n}\r\n\r\n.mpds-badge:hover {\r\n    background: #ebebeb;\r\n    transform: translateY(-2px);\r\n}\r\n\r\n.mpds-badge-icon {\r\n    width: 36px;\r\n    height: 36px;\r\n    display: flex;\r\n    align-items: center;\r\n    justify-content: center;\r\n    color: #1a1a1a;\r\n}\r\n\r\n.mpds-badge-content {\r\n    display: flex;\r\n    flex-direction: column;\r\n    gap: 4px;\r\n}\r\n\r\n.mpds-badge-label {\r\n    font-size: 14px;\r\n    font-weight: 600;\r\n    color: #1a1a1a;\r\n    letter-spacing: 0.3px;\r\n}\r\n\r\n.mpds-badge-value {\r\n    font-size: 13px;\r\n    font-weight: 400;\r\n    color: #6a6a6a;\r\n    line-height: 1.4;\r\n}\r\n\r\n.mpds-cta-telefono {\r\n    width: 100% !important;\r\n    background: linear-gradient(135deg, #ad4551 0%, #8b3540 100%) !important;\r\n    border-radius: 12px !important;\r\n    padding: 25px 30px !important;\r\n    display: flex !important;\r\n    align-items: center !important;\r\n    gap: 20px !important;\r\n    margin-top: 15px !important;\r\n    transition: all 0.3s ease !important;\r\n    cursor: pointer !important;\r\n}\r\n\r\n.mpds-cta-telefono:hover {\r\n    transform: translateY(-3px) !important;\r\n    box-shadow: 0 10px 30px rgba(0,0,0,0.15) !important;\r\n}\r\n\r\n.mpds-cta-icon {\r\n    width: 50px;\r\n    height: 50px;\r\n    background: rgba(255,255,255,0.1);\r\n    border-radius: 50%;\r\n    display: flex;\r\n    align-items: center;\r\n    justify-content: center;\r\n    color: #fff;\r\n    flex-shrink: 0;\r\n}\r\n\r\n.mpds-cta-content {\r\n    display: flex;\r\n    flex-direction: column;\r\n    gap: 5px;\r\n    flex: 1;\r\n}\r\n\r\n.mpds-cta-label {\r\n    font-size: 14px;\r\n    font-weight: 500;\r\n    color: rgba(255,255,255,0.8);\r\n    letter-spacing: 0.5px;\r\n}\r\n\r\n.mpds-cta-numero {\r\n    font-size: 32px !important;\r\n    font-weight: 700 !important;\r\n    color: #fff !important;\r\n    text-decoration: none !important;\r\n    letter-spacing: 1px !important;\r\n    transition: color 0.3s ease !important;\r\n}\r\n\r\n.mpds-cta-numero:hover {\r\n    color: #f5a70a !important;\r\n}\r\n\r\n\/* Tablet *\/\r\n@media (max-width: 1024px) {\r\n    .mpds-proyecto-badges {\r\n        display: grid;\r\n        grid-template-columns: repeat(2, 1fr);\r\n    }\r\n\r\n    .mpds-cta-telefono {\r\n        grid-column: 1 \/ -1;\r\n    }\r\n}\r\n\r\n\/* M\u00f3vil *\/\r\n@media (max-width: 640px) {\r\n    .mpds-proyecto-badges {\r\n        padding: 30px 15px;\r\n        display: flex;\r\n        flex-direction: column;\r\n        align-items: center;\r\n    }\r\n\r\n    .mpds-badge {\r\n        width: 100%;\r\n        min-width: auto;\r\n        max-width: 340px;\r\n        align-items: center;        \/* centra icono y contenido *\/\r\n        text-align: center;\r\n    }\r\n\r\n    .mpds-badge-content {\r\n        align-items: center;        \/* centra label y value *\/\r\n    }\r\n\r\n    .mpds-cta-telefono {\r\n        width: 100% !important;\r\n        max-width: 340px;\r\n        padding: 18px 20px !important;\r\n        justify-content: center !important;\r\n    }\r\n\r\n    .mpds-cta-content {\r\n        align-items: center;        \/* centra texto del tel\u00e9fono *\/\r\n        text-align: center;\r\n    }\r\n\r\n    .mpds-cta-numero {\r\n        font-size: 26px !important;\r\n    }\r\n\r\n    .mpds-cta-icon {\r\n        width: 40px;\r\n        height: 40px;\r\n    }\r\n}\r\n<\/style>\t\t\t\t<\/div>\n\t\t\t\t\t<\/div>\n\t\t\t\t<\/div>\n\t\t<div class=\"elementor-element elementor-element-dbbc080 e-con-full e-flex wcf-starter-animations-none e-con e-parent\" data-id=\"dbbc080\" data-element_type=\"container\" data-e-type=\"container\">\n\t\t\t\t<div class=\"elementor-element elementor-element-bba178a wcf-starter-animations-none elementor-widget elementor-widget-heading\" data-id=\"bba178a\" data-element_type=\"widget\" data-e-type=\"widget\" data-settings=\"{&quot;wcf_starter_animations&quot;:&quot;none&quot;,&quot;wcf_anim_duration&quot;:1000,&quot;wcf_anim_delay&quot;:0,&quot;wcf_anim_ease&quot;:&quot;ease&quot;}\" data-widget_type=\"heading.default\">\n\t\t\t\t\t<h2 class=\"elementor-heading-title elementor-size-default\">Galer\u00eda<\/h2>\t\t\t\t<\/div>\n\t\t\t\t<div class=\"elementor-element elementor-element-64ca39f elementor-widget elementor-widget-html\" data-id=\"64ca39f\" data-element_type=\"widget\" data-e-type=\"widget\" data-widget_type=\"html.default\">\n\t\t\t\t\t<!DOCTYPE html>\r\n<html lang=\"es\">\r\n<head>\r\n<meta charset=\"UTF-8\">\r\n<meta name=\"viewport\" content=\"width=device-width, initial-scale=1.0\">\r\n<title>Galer\u00eda<\/title>\r\n<style>\r\n  @import url('https:\/\/fonts.googleapis.com\/css2?family=Cormorant+Garamond:wght@300;400;500&family=Montserrat:wght@300;400;500;600&display=swap');\r\n\r\n  :root {\r\n    --accent: #3d1a5e;\r\n    --light: #f8f6f2;\r\n    --text: #2c2c2c;\r\n    --muted: #888;\r\n    --white: #ffffff;\r\n  }\r\n\r\n  *, *::before, *::after { box-sizing: border-box; margin: 0; padding: 0; }\r\n\r\n  html, body {\r\n    width: 100%;\r\n    overflow-x: hidden;\r\n    background: var(--light);\r\n    font-family: 'Montserrat', sans-serif;\r\n    color: var(--text);\r\n  }\r\n\r\n  .gs {\r\n    width: 100%;\r\n    padding: 60px 40px 80px;\r\n  }\r\n\r\n  .gs h2 {\r\n    font-family: 'Cormorant Garamond', serif;\r\n    font-size: clamp(2rem, 5vw, 3.2rem);\r\n    font-weight: 400;\r\n    text-align: center;\r\n    margin-bottom: 32px;\r\n  }\r\n\r\n  \/* VIEWER *\/\r\n  .viewer {\r\n    position: relative;\r\n    width: 100%;\r\n    aspect-ratio: 16\/7;\r\n    overflow: hidden;\r\n    border-radius: 6px;\r\n    background: #ccc;\r\n    cursor: zoom-in;\r\n    display: block;\r\n  }\r\n\r\n  .viewer img.main {\r\n    position: absolute;\r\n    inset: 0;\r\n    width: 100%;\r\n    height: 100%;\r\n    object-fit: cover;\r\n    display: block;\r\n    pointer-events: none;\r\n    transition: opacity 0.4s ease, transform 0.5s ease;\r\n  }\r\n\r\n  .viewer img.main.out { opacity: 0; transform: scale(1.02); }\r\n\r\n  \/* FLECHAS dentro del viewer *\/\r\n  .arr {\r\n    position: absolute;\r\n    top: 50%;\r\n    transform: translateY(-50%);\r\n    width: 44px;\r\n    height: 44px;\r\n    border-radius: 50%;\r\n    background: rgba(255,255,255,0.88);\r\n    border: none;\r\n    cursor: pointer;\r\n    display: flex;\r\n    align-items: center;\r\n    justify-content: center;\r\n    z-index: 10;\r\n    box-shadow: 0 2px 14px rgba(0,0,0,0.18);\r\n    transition: background 0.2s, transform 0.2s;\r\n    outline: none;\r\n    -webkit-tap-highlight-color: transparent;\r\n    user-select: none;\r\n  }\r\n  .arr:hover { background: var(--white); transform: translateY(-50%) scale(1.08); }\r\n  .arr.p { left: 16px; }\r\n  .arr.n { right: 16px; }\r\n  .arr svg { width: 18px; height: 18px; stroke: var(--accent); stroke-width: 2.2; fill: none; pointer-events: none; }\r\n\r\n  .cap {\r\n    position: absolute;\r\n    bottom: 12px;\r\n    left: 18px;\r\n    font-size: 0.66rem;\r\n    color: rgba(255,255,255,0.65);\r\n    font-style: italic;\r\n    pointer-events: none;\r\n  }\r\n\r\n  \/* THUMBNAILS *\/\r\n  .tw {\r\n    position: relative;\r\n    margin-top: 12px;\r\n    padding: 0 36px;\r\n  }\r\n\r\n  .tt {\r\n    display: flex;\r\n    gap: 8px;\r\n    overflow-x: auto;\r\n    scroll-behavior: smooth;\r\n    padding: 4px 0;\r\n    scrollbar-width: none;\r\n    -ms-overflow-style: none;\r\n  }\r\n  .tt::-webkit-scrollbar { display: none; }\r\n\r\n  .th {\r\n    flex: 0 0 90px;\r\n    width: 90px;\r\n    height: 60px;\r\n    object-fit: cover;\r\n    border-radius: 4px;\r\n    cursor: pointer;\r\n    opacity: 0.55;\r\n    border: 2px solid transparent;\r\n    transition: opacity 0.3s, border-color 0.3s, transform 0.2s;\r\n  }\r\n  .th:hover { opacity: 0.82; transform: scale(1.04); }\r\n  .th.on { opacity: 1; border-color: var(--accent); }\r\n\r\n  .ta {\r\n    position: absolute;\r\n    top: 50%;\r\n    transform: translateY(-50%);\r\n    width: 28px; height: 28px;\r\n    border-radius: 50%;\r\n    background: var(--white);\r\n    border: 1px solid #ddd;\r\n    cursor: pointer;\r\n    display: flex; align-items: center; justify-content: center;\r\n    box-shadow: 0 1px 6px rgba(0,0,0,0.1);\r\n    outline: none;\r\n    user-select: none;\r\n  }\r\n  .ta:hover { background: #f0edf8; }\r\n  .ta.p { left: 0; }\r\n  .ta.n { right: 0; }\r\n  .ta svg { width: 12px; height: 12px; stroke: var(--accent); stroke-width: 2.5; fill: none; pointer-events: none; }\r\n\r\n  .note { font-size: 0.68rem; color: var(--muted); font-style: italic; margin-top: 14px; text-align: center; }\r\n\r\n  \/* LIGHTBOX *\/\r\n  .lb {\r\n    display: none;\r\n    position: fixed;\r\n    inset: 0;\r\n    background: rgba(8,6,18,0.95);\r\n    z-index: 9999;\r\n    align-items: center;\r\n    justify-content: center;\r\n    padding: 20px;\r\n  }\r\n  .lb.on { display: flex; }\r\n\r\n  .lbi {\r\n    position: relative;\r\n    max-width: 92vw;\r\n    max-height: 90vh;\r\n    animation: lbin 0.3s ease;\r\n  }\r\n  @keyframes lbin { from { opacity:0; transform:scale(.95); } to { opacity:1; transform:scale(1); } }\r\n\r\n  .lbi img { display: block; max-width: 100%; max-height: 88vh; border-radius: 4px; object-fit: contain; }\r\n\r\n  .lbx {\r\n    position: absolute; top: -42px; right: 0;\r\n    background: none; border: none; color: #fff;\r\n    font-size: 1.7rem; cursor: pointer; opacity: 0.75; line-height: 1;\r\n  }\r\n  .lbx:hover { opacity: 1; }\r\n\r\n  .lbn {\r\n    position: absolute; top: 50%; transform: translateY(-50%);\r\n    width: 44px; height: 44px; border-radius: 50%;\r\n    background: rgba(255,255,255,0.14); border: none; cursor: pointer;\r\n    display: flex; align-items: center; justify-content: center;\r\n    transition: background 0.2s;\r\n  }\r\n  .lbn:hover { background: rgba(255,255,255,0.26); }\r\n  .lbn.p { left: -58px; }\r\n  .lbn.n { right: -58px; }\r\n  .lbn svg { width: 20px; height: 20px; stroke: #fff; stroke-width: 2; fill: none; pointer-events: none; }\r\n\r\n  \/* RESPONSIVE *\/\r\n  @media (max-width: 768px) {\r\n    .gs { padding: 40px 16px 60px; }\r\n    .viewer { aspect-ratio: 4\/3; }\r\n    .th { flex: 0 0 72px; width: 72px; height: 50px; }\r\n  }\r\n  @media (max-width: 480px) {\r\n    .gs { padding: 28px 10px 48px; }\r\n    .viewer { aspect-ratio: 3\/2; }\r\n    .arr { width: 36px; height: 36px; }\r\n    .arr.p { left: 10px; }\r\n    .arr.n { right: 10px; }\r\n    .lbn.p { left: -8px; }\r\n    .lbn.n { right: -8px; }\r\n    .lbn { width: 34px; height: 34px; background: rgba(0,0,0,0.45); }\r\n  }\r\n<\/style>\r\n<\/head>\r\n<body>\r\n\r\n<section class=\"gs\">\r\n  \r\n\r\n  <div class=\"viewer\" id=\"viewer\">\r\n    <img decoding=\"async\" class=\"main\" id=\"mainImg\"\r\n         src=\"https:\/\/edificiolaportada.com\/wp-content\/uploads\/2026\/03\/01.-LA-PORTADA-scaled.png\"\r\n         alt=\"La Portada 01\">\r\n    <button class=\"arr p\" id=\"prev\" type=\"button\" aria-label=\"Anterior\">\r\n      <svg viewBox=\"0 0 24 24\"><polyline points=\"15 18 9 12 15 6\"\/><\/svg>\r\n    <\/button>\r\n    <button class=\"arr n\" id=\"next\" type=\"button\" aria-label=\"Siguiente\">\r\n      <svg viewBox=\"0 0 24 24\"><polyline points=\"9 6 15 12 9 18\"\/><\/svg>\r\n    <\/button>\r\n    <span class=\"cap\">*  Las im\u00e1genes mostradas son un concepto visual exclusivamente ilustrativo y no tienen car\u00e1cter contractual.<\/span>\r\n  <\/div>\r\n\r\n  <div class=\"tw\">\r\n    <button class=\"ta p\" id=\"tprev\" type=\"button\"><svg viewBox=\"0 0 24 24\"><polyline points=\"15 18 9 12 15 6\"\/><\/svg><\/button>\r\n    <div class=\"tt\" id=\"track\"><\/div>\r\n    <button class=\"ta n\" id=\"tnext\" type=\"button\"><svg viewBox=\"0 0 24 24\"><polyline points=\"9 6 15 12 9 18\"\/><\/svg><\/button>\r\n  <\/div>\r\n\r\n  <p class=\"note\">Las im\u00e1genes mostradas son un concepto visual exclusivamente ilustrativo y no tienen car\u00e1cter contractual. En Proyecto. Calle Paraje de Paterna, Bormujos. 31 viviendas de 2 y 3 dormitorios. Plaza de garaje y trastero. Desde 54,89 m2 \u00fatiles. Desde 173.200,00 \u20ac (IVA no incluido). Periodo de validez de la informaci\u00f3n: hasta 31\/12\/2026. Promotor: Guadalsur Actuaciones Inmobiliarias, SL. C.I.F. B91051136. Las cantidades anticipadas como parte del precio se encuentran garantizadas conforme a la ley y se ingresan en una cuenta bancaria especial. El consumidor tiene a su disposici\u00f3n en las oficinas de venta el Documento Informativo Abreviado (DIA).<\/p>\r\n<\/section>\r\n\r\n<!-- LIGHTBOX -->\r\n<div class=\"lb\" id=\"lb\">\r\n  <div class=\"lbi\">\r\n    <button class=\"lbx\" id=\"lbx\" type=\"button\">\u2715<\/button>\r\n    <button class=\"lbn p\" id=\"lbp\" type=\"button\"><svg viewBox=\"0 0 24 24\"><polyline points=\"15 18 9 12 15 6\"\/><\/svg><\/button>\r\n    <img decoding=\"async\" id=\"lbimg\" src=\"\" alt=\"\">\r\n    <button class=\"lbn n\" id=\"lbn\" type=\"button\"><svg viewBox=\"0 0 24 24\"><polyline points=\"9 6 15 12 9 18\"\/><\/svg><\/button>\r\n  <\/div>\r\n<\/div>\r\n\r\n<script>\r\nconst IMGS = [\r\n  { s:\"https:\/\/edificiolaportada.com\/wp-content\/uploads\/2026\/03\/01.-LA-PORTADA-scaled.png\", a:\"La Portada 01\" },\r\n  { s:\"https:\/\/edificiolaportada.com\/wp-content\/uploads\/2026\/03\/06.-LA-PORTADA-scaled.png\", a:\"La Portada 06\" },\r\n  { s:\"https:\/\/edificiolaportada.com\/wp-content\/uploads\/2026\/03\/07.-LA-PORTADA-scaled.png\", a:\"La Portada 07\" },\r\n  { s:\"https:\/\/edificiolaportada.com\/wp-content\/uploads\/2026\/03\/05.-LA-PORTADA-scaled.png\", a:\"La Portada 05\" },\r\n  { s:\"https:\/\/edificiolaportada.com\/wp-content\/uploads\/2026\/03\/04.-LA-PORTADA-scaled.png\", a:\"La Portada 04\" },\r\n  { s:\"https:\/\/edificiolaportada.com\/wp-content\/uploads\/2026\/03\/02.-LA-PORTADA-scaled.png\", a:\"La Portada 02\" },\r\n  { s:\"https:\/\/edificiolaportada.com\/wp-content\/uploads\/2026\/03\/image-gen-30-scaled.png\",   a:\"La Portada\" },\r\n  { s:\"https:\/\/edificiolaportada.com\/wp-content\/uploads\/2026\/03\/image-gen-28-scaled.png\",   a:\"La Portada\" }\r\n];\r\n\r\nlet cur = 0;\r\nconst mainImg = document.getElementById('mainImg');\r\nconst track   = document.getElementById('track');\r\nconst lb      = document.getElementById('lb');\r\nconst lbimg   = document.getElementById('lbimg');\r\n\r\n\/\/ Miniaturas\r\nIMGS.forEach((d, i) => {\r\n  const el = document.createElement('img');\r\n  el.src = d.s; el.alt = d.a;\r\n  el.className = 'th' + (i===0 ? ' on' : '');\r\n  el.addEventListener('click', () => goTo(i));\r\n  track.appendChild(el);\r\n});\r\n\r\nfunction goTo(idx) {\r\n  track.querySelectorAll('.th')[cur].classList.remove('on');\r\n  cur = (idx + IMGS.length) % IMGS.length;\r\n\r\n  mainImg.classList.add('out');\r\n  setTimeout(() => {\r\n    mainImg.src = IMGS[cur].s;\r\n    mainImg.alt = IMGS[cur].a;\r\n    mainImg.classList.remove('out');\r\n  }, 380);\r\n\r\n  track.querySelectorAll('.th')[cur].classList.add('on');\r\n  track.querySelectorAll('.th')[cur].scrollIntoView({ behavior:'smooth', block:'nearest', inline:'center' });\r\n\r\n  if (lb.classList.contains('on')) lbimg.src = IMGS[cur].s;\r\n}\r\n\r\n\/\/ Flechas viewer\r\ndocument.getElementById('prev').addEventListener('click', e => { e.preventDefault(); e.stopPropagation(); goTo(cur-1); });\r\ndocument.getElementById('next').addEventListener('click', e => { e.preventDefault(); e.stopPropagation(); goTo(cur+1); });\r\n\r\n\/\/ Flechas miniaturas\r\ndocument.getElementById('tprev').addEventListener('click', e => { e.preventDefault(); track.scrollBy({ left:-200, behavior:'smooth' }); });\r\ndocument.getElementById('tnext').addEventListener('click', e => { e.preventDefault(); track.scrollBy({ left: 200, behavior:'smooth' }); });\r\n\r\n\/\/ Lightbox\r\ndocument.getElementById('viewer').addEventListener('click', e => {\r\n  if (e.target.closest('.arr')) return;\r\n  lbimg.src = IMGS[cur].s;\r\n  lb.classList.add('on');\r\n  document.body.style.overflow = 'hidden';\r\n});\r\n\r\ndocument.getElementById('lbx').addEventListener('click', closeLb);\r\nlb.addEventListener('click', e => { if (e.target === lb) closeLb(); });\r\nfunction closeLb() { lb.classList.remove('on'); document.body.style.overflow = ''; }\r\n\r\ndocument.getElementById('lbp').addEventListener('click', e => { e.stopPropagation(); goTo(cur-1); });\r\ndocument.getElementById('lbn').addEventListener('click', e => { e.stopPropagation(); goTo(cur+1); });\r\n\r\n\/\/ Teclado\r\ndocument.addEventListener('keydown', e => {\r\n  if (!lb.classList.contains('on')) return;\r\n  if (e.key==='ArrowLeft')  goTo(cur-1);\r\n  if (e.key==='ArrowRight') goTo(cur+1);\r\n  if (e.key==='Escape') closeLb();\r\n});\r\n\r\n\/\/ Swipe\r\nlet tx = 0;\r\ndocument.getElementById('viewer').addEventListener('touchstart', e => { tx = e.changedTouches[0].clientX; }, { passive:true });\r\ndocument.getElementById('viewer').addEventListener('touchend',   e => {\r\n  const dx = e.changedTouches[0].clientX - tx;\r\n  if (Math.abs(dx) > 40) goTo(cur + (dx < 0 ? 1 : -1));\r\n});\r\n<\/script>\r\n<\/body>\r\n<\/html>\t\t\t\t<\/div>\n\t\t\t\t<\/div>\n\t\t<div class=\"elementor-element elementor-element-9bd03e7 e-flex e-con-boxed wcf-starter-animations-none e-con e-parent\" data-id=\"9bd03e7\" data-element_type=\"container\" data-e-type=\"container\">\n\t\t\t\t\t<div class=\"e-con-inner\">\n\t\t<div class=\"elementor-element elementor-element-61c186b e-con-full e-flex wcf-starter-animations-none e-con e-child\" data-id=\"61c186b\" data-element_type=\"container\" data-e-type=\"container\">\n\t\t\t\t<div class=\"elementor-element elementor-element-959281c wcf-starter-animations-none elementor-widget elementor-widget-heading\" data-id=\"959281c\" data-element_type=\"widget\" data-e-type=\"widget\" data-settings=\"{&quot;wcf_starter_animations&quot;:&quot;none&quot;,&quot;wcf_anim_duration&quot;:1000,&quot;wcf_anim_delay&quot;:0,&quot;wcf_anim_ease&quot;:&quot;ease&quot;}\" data-widget_type=\"heading.default\">\n\t\t\t\t\t<h2 class=\"elementor-heading-title elementor-size-default\">Confort, dise\u00f1o y precio protegido en el Aljarafe sevillano<\/h2>\t\t\t\t<\/div>\n\t\t\t\t<div class=\"elementor-element elementor-element-c5b3a87 wcf-starter-animations-none elementor-widget elementor-widget-heading\" data-id=\"c5b3a87\" data-element_type=\"widget\" data-e-type=\"widget\" data-settings=\"{&quot;wcf_starter_animations&quot;:&quot;none&quot;,&quot;wcf_anim_duration&quot;:1000,&quot;wcf_anim_delay&quot;:0,&quot;wcf_anim_ease&quot;:&quot;ease&quot;}\" data-widget_type=\"heading.default\">\n\t\t\t\t\t<p class=\"elementor-heading-title elementor-size-default\">Edificio La Portada: 31 viviendas VPO en Bormujos pisos, \u00e1ticos con sol\u00e1rium y adosados. Ubicadas en Calle Paraje de Paterna, a 15 minutos del centro. Dise\u00f1o contempor\u00e1neo y calidad Grupo Q en el Aljarafe.<\/p>\t\t\t\t<\/div>\n\t\t<div class=\"elementor-element elementor-element-7a08b21 e-con-full e-flex wcf-starter-animations-none e-con e-child\" data-id=\"7a08b21\" data-element_type=\"container\" data-e-type=\"container\">\n\t\t<div class=\"elementor-element elementor-element-2a10e73 e-con-full e-flex wcf-starter-animations-none e-con e-child\" data-id=\"2a10e73\" data-element_type=\"container\" data-e-type=\"container\">\n\t\t\t\t<div class=\"elementor-element elementor-element-b42d741 elementor-aspect-ratio-169 elementor-widget elementor-widget-mdp-videor-elementor\" data-id=\"b42d741\" data-element_type=\"widget\" data-e-type=\"widget\" data-settings=\"{&quot;lightbox&quot;:&quot;yes&quot;,&quot;aspect_ratio&quot;:&quot;169&quot;}\" data-widget_type=\"mdp-videor-elementor.default\">\n\t\t\t\t<div class=\"elementor-widget-container\">\n\t\t\t\t\t\n        <div id=\"mdp-videor-b42d741\" class=\"mdp-videor\" >\n\n            \n                <div class=\"mdp-videor-mask\">\n\n                    <div class=\"mdp-videor-video\">\n\n                        <div class=\"mdp-videor-wrap mdp-videor-default\">\n\n                                    <video class=\"elementor-video\" src=\"https:\/\/edificiolaportada.com\/wp-content\/uploads\/2026\/03\/VIDEO-LA-PORTADA-F.mp4\" autoplay=\"\" loop=\"\" muted=\"muted\" controlsList=\"nodownload\"><\/video>\n                                        <div data-elementor-open-lightbox=\"yes\" data-elementor-lightbox=\"{&quot;type&quot;:&quot;video&quot;,&quot;videoType&quot;:&quot;hosted&quot;,&quot;url&quot;:&quot;https:\\\/\\\/edificiolaportada.com\\\/wp-content\\\/uploads\\\/2026\\\/03\\\/VIDEO-LA-PORTADA-F.mp4&quot;,&quot;modalOptions&quot;:{&quot;id&quot;:&quot;elementor-lightbox-b42d741&quot;,&quot;entranceAnimation&quot;:&quot;&quot;,&quot;entranceAnimation_tablet&quot;:&quot;&quot;,&quot;entranceAnimation_mobile&quot;:&quot;&quot;,&quot;videoAspectRatio&quot;:&quot;169&quot;},&quot;videoParams&quot;:{&quot;autoplay&quot;:&quot;&quot;,&quot;loop&quot;:&quot;&quot;,&quot;muted&quot;:&quot;muted&quot;,&quot;controlsList&quot;:&quot;nodownload&quot;}}\" class=\"mdp-videor-overlay\"><\/div>\n\n                            \n                        <\/div>\n\n                    <\/div>\n\n                <\/div>\n\n                \n                \n        <\/div>\n\n        <!--suppress JSUnresolvedVariable -->\n        <script>\n\n            ( function ( $ ) {\n\n                \"use strict\";\n\n                $( document ).ready( function () {\n                    mdpVideorCrop( 'b42d741', 100 );\n                } );\n\n                \n                $( window ).resize( function () {\n                    mdpVideorCrop( 'b42d741', 100 );\n                } );\n\n                \n            } ( jQuery ) );\n\n        <\/script>\n\n        \t\t\t\t<\/div>\n\t\t\t\t<\/div>\n\t\t\t\t<\/div>\n\t\t<div class=\"elementor-element elementor-element-9cf088b e-con-full e-flex wcf-starter-animations-none e-con e-child\" data-id=\"9cf088b\" data-element_type=\"container\" data-e-type=\"container\">\n\t\t\t\t<div class=\"elementor-element elementor-element-11edf6c wcf-starter-animations-none elementor-widget elementor-widget-image\" data-id=\"11edf6c\" data-element_type=\"widget\" data-e-type=\"widget\" data-settings=\"{&quot;wcf_starter_animations&quot;:&quot;none&quot;,&quot;wcf_anim_duration&quot;:1000,&quot;wcf_anim_delay&quot;:0,&quot;wcf_anim_ease&quot;:&quot;ease&quot;}\" data-widget_type=\"image.default\">\n\t\t\t\t\t\t\t\t\t\t\t\t\t\t\t<img decoding=\"async\" src=\"https:\/\/edificiolaportada.com\/wp-content\/uploads\/elementor\/thumbs\/LOGO-EDIFICIO-LA-PORTADA-V1-AB-13-01-26-rkejhkwl9uo9mywly4fgezrbdrfdg135rtesovnh48.png\" title=\"LOGO-EDIFICIO-LA-PORTADA-V1-AB-13-01-26\" alt=\"LOGO-EDIFICIO-LA-PORTADA-V1-AB-13-01-26\" loading=\"lazy\" \/>\t\t\t\t\t\t\t\t\t\t\t\t\t\t\t<\/div>\n\t\t\t\t<div class=\"elementor-element elementor-element-6153a9e wcf-starter-animations-none elementor-widget elementor-widget-heading\" data-id=\"6153a9e\" data-element_type=\"widget\" data-e-type=\"widget\" data-settings=\"{&quot;wcf_starter_animations&quot;:&quot;none&quot;,&quot;wcf_anim_duration&quot;:1000,&quot;wcf_anim_delay&quot;:0,&quot;wcf_anim_ease&quot;:&quot;ease&quot;}\" data-widget_type=\"heading.default\">\n\t\t\t\t\t<h2 class=\"elementor-heading-title elementor-size-default\">Calidad y ubicaci\u00f3n en el Aljarafe<\/h2>\t\t\t\t<\/div>\n\t\t\t\t<div class=\"elementor-element elementor-element-53e82f0 elementor-widget-divider--view-line elementor-widget elementor-widget-divider\" data-id=\"53e82f0\" data-element_type=\"widget\" data-e-type=\"widget\" data-widget_type=\"divider.default\">\n\t\t\t\t\t\t\t<div class=\"elementor-divider\">\n\t\t\t<span class=\"elementor-divider-separator\">\n\t\t\t\t\t\t<\/span>\n\t\t<\/div>\n\t\t\t\t\t\t<\/div>\n\t\t\t\t<div class=\"elementor-element elementor-element-f9a4e48 wcf-starter-animations-none elementor-widget elementor-widget-heading\" data-id=\"f9a4e48\" data-element_type=\"widget\" data-e-type=\"widget\" data-settings=\"{&quot;wcf_starter_animations&quot;:&quot;none&quot;,&quot;wcf_anim_duration&quot;:1000,&quot;wcf_anim_delay&quot;:0,&quot;wcf_anim_ease&quot;:&quot;ease&quot;}\" data-widget_type=\"heading.default\">\n\t\t\t\t\t<p class=\"elementor-heading-title elementor-size-default\">Edificio La Portada es una promoci\u00f3n de 31 viviendas de Protecci\u00f3n Oficial en Bormujos, compuesta por apartamentos, adosados y \u00e1ticos con sol\u00e1rium. Ubicada en la Calle Paraje de Paterna, dentro del sector SUP-6 \"La Portada\", esta promoci\u00f3n combina una ubicaci\u00f3n privilegiada a solo 15 minutos a pie del centro de Bormujos con el dise\u00f1o contempor\u00e1neo y las calidades que caracterizan los proyectos de Grupo Q en el Aljarafe.<\/p>\t\t\t\t<\/div>\n\t\t\t\t<\/div>\n\t\t\t\t<\/div>\n\t\t\t\t<\/div>\n\t\t\t\t\t<\/div>\n\t\t\t\t<\/div>\n\t\t<div class=\"elementor-element elementor-element-cc8ca5b e-flex e-con-boxed wcf-starter-animations-none e-con e-parent\" data-id=\"cc8ca5b\" data-element_type=\"container\" data-e-type=\"container\">\n\t\t\t\t\t<div class=\"e-con-inner\">\n\t\t<div class=\"elementor-element elementor-element-679505f e-con-full e-flex wcf-starter-animations-none e-con e-child\" data-id=\"679505f\" data-element_type=\"container\" data-e-type=\"container\">\n\t\t<div class=\"elementor-element elementor-element-242be6d e-con-full e-flex wcf-starter-animations-none e-con e-child\" data-id=\"242be6d\" data-element_type=\"container\" data-e-type=\"container\">\n\t\t\t\t<div class=\"elementor-element elementor-element-d259ba9 wcf-starter-animations-none elementor-widget elementor-widget-heading\" data-id=\"d259ba9\" data-element_type=\"widget\" data-e-type=\"widget\" data-settings=\"{&quot;wcf_starter_animations&quot;:&quot;none&quot;,&quot;wcf_anim_duration&quot;:1000,&quot;wcf_anim_delay&quot;:0,&quot;wcf_anim_ease&quot;:&quot;ease&quot;}\" data-widget_type=\"heading.default\">\n\t\t\t\t\t<h2 class=\"elementor-heading-title elementor-size-default\">Terrazas, jardines y sol\u00e1rium<\/h2>\t\t\t\t<\/div>\n\t\t\t\t<div class=\"elementor-element elementor-element-953d3af elementor-widget-divider--view-line elementor-widget elementor-widget-divider\" data-id=\"953d3af\" data-element_type=\"widget\" data-e-type=\"widget\" data-widget_type=\"divider.default\">\n\t\t\t\t\t\t\t<div class=\"elementor-divider\">\n\t\t\t<span class=\"elementor-divider-separator\">\n\t\t\t\t\t\t<\/span>\n\t\t<\/div>\n\t\t\t\t\t\t<\/div>\n\t\t\t\t<div class=\"elementor-element elementor-element-d7359e4 wcf-starter-animations-none elementor-widget elementor-widget-heading\" data-id=\"d7359e4\" data-element_type=\"widget\" data-e-type=\"widget\" data-settings=\"{&quot;wcf_starter_animations&quot;:&quot;none&quot;,&quot;wcf_anim_duration&quot;:1000,&quot;wcf_anim_delay&quot;:0,&quot;wcf_anim_ease&quot;:&quot;ease&quot;}\" data-widget_type=\"heading.default\">\n\t\t\t\t\t<p class=\"elementor-heading-title elementor-size-default\">La Portada no es solo un lugar donde vivir: es un lugar donde disfrutar. Los \u00e1ticos cuentan con amplios sol\u00e1rium de hasta 83 m\u00b2 con vistas panor\u00e1micas al Aljarafe sevillano. Las viviendas en planta baja disponen de jard\u00edn privado con porche. Todas las tipolog\u00edas incluyen terraza como espacio exterior propio.<\/p>\t\t\t\t<\/div>\n\t\t\t\t<\/div>\n\t\t<div class=\"elementor-element elementor-element-6afbdb4 e-con-full e-flex wcf-starter-animations-none e-con e-child\" data-id=\"6afbdb4\" data-element_type=\"container\" data-e-type=\"container\">\n\t\t\t\t<div class=\"elementor-element elementor-element-119a495 elementor-aspect-ratio-169 elementor-widget elementor-widget-mdp-videor-elementor\" data-id=\"119a495\" data-element_type=\"widget\" data-e-type=\"widget\" data-settings=\"{&quot;lightbox&quot;:&quot;yes&quot;,&quot;aspect_ratio&quot;:&quot;169&quot;}\" data-widget_type=\"mdp-videor-elementor.default\">\n\t\t\t\t<div class=\"elementor-widget-container\">\n\t\t\t\t\t\n        <div id=\"mdp-videor-119a495\" class=\"mdp-videor\" >\n\n            \n                <div class=\"mdp-videor-mask\">\n\n                    <div class=\"mdp-videor-video\">\n\n                        <div class=\"mdp-videor-wrap mdp-videor-default\">\n\n                                    <video class=\"elementor-video\" src=\"https:\/\/edificiolaportada.com\/wp-content\/uploads\/2026\/03\/envato_video_gen_Feb_05_2026_10_14_09.mp4\" autoplay=\"\" loop=\"\" muted=\"muted\" controlsList=\"nodownload\"><\/video>\n                                        <div data-elementor-open-lightbox=\"yes\" data-elementor-lightbox=\"{&quot;type&quot;:&quot;video&quot;,&quot;videoType&quot;:&quot;hosted&quot;,&quot;url&quot;:&quot;https:\\\/\\\/edificiolaportada.com\\\/wp-content\\\/uploads\\\/2026\\\/03\\\/envato_video_gen_Feb_05_2026_10_14_09.mp4&quot;,&quot;modalOptions&quot;:{&quot;id&quot;:&quot;elementor-lightbox-119a495&quot;,&quot;entranceAnimation&quot;:&quot;&quot;,&quot;entranceAnimation_tablet&quot;:&quot;&quot;,&quot;entranceAnimation_mobile&quot;:&quot;&quot;,&quot;videoAspectRatio&quot;:&quot;169&quot;},&quot;videoParams&quot;:{&quot;autoplay&quot;:&quot;&quot;,&quot;loop&quot;:&quot;&quot;,&quot;muted&quot;:&quot;muted&quot;,&quot;controlsList&quot;:&quot;nodownload&quot;}}\" class=\"mdp-videor-overlay\"><\/div>\n\n                            \n                        <\/div>\n\n                    <\/div>\n\n                <\/div>\n\n                \n                \n        <\/div>\n\n        <!--suppress JSUnresolvedVariable -->\n        <script>\n\n            ( function ( $ ) {\n\n                \"use strict\";\n\n                $( document ).ready( function () {\n                    mdpVideorCrop( '119a495', 100 );\n                } );\n\n                \n                $( window ).resize( function () {\n                    mdpVideorCrop( '119a495', 100 );\n                } );\n\n                \n            } ( jQuery ) );\n\n        <\/script>\n\n        \t\t\t\t<\/div>\n\t\t\t\t<\/div>\n\t\t\t\t<\/div>\n\t\t\t\t<\/div>\n\t\t\t\t\t<\/div>\n\t\t\t\t<\/div>\n\t\t<div class=\"elementor-element elementor-element-5dbfdef e-flex e-con-boxed wcf-starter-animations-none e-con e-parent\" data-id=\"5dbfdef\" data-element_type=\"container\" data-e-type=\"container\">\n\t\t\t\t\t<div class=\"e-con-inner\">\n\t\t<div class=\"elementor-element elementor-element-930eb49 e-con-full e-flex wcf-starter-animations-none e-con e-child\" data-id=\"930eb49\" data-element_type=\"container\" data-e-type=\"container\">\n\t\t\t\t<div class=\"elementor-element elementor-element-0b9f705 wcf-starter-animations-none elementor-widget elementor-widget-heading\" data-id=\"0b9f705\" data-element_type=\"widget\" data-e-type=\"widget\" data-settings=\"{&quot;wcf_starter_animations&quot;:&quot;none&quot;,&quot;wcf_anim_duration&quot;:1000,&quot;wcf_anim_delay&quot;:0,&quot;wcf_anim_ease&quot;:&quot;ease&quot;}\" data-widget_type=\"heading.default\">\n\t\t\t\t\t<h3 class=\"elementor-heading-title elementor-size-default\">Calidades de primera en vivienda protegida<\/h3>\t\t\t\t<\/div>\n\t\t\t\t<div class=\"elementor-element elementor-element-d3d0539 elementor-widget-divider--view-line elementor-widget elementor-widget-divider\" data-id=\"d3d0539\" data-element_type=\"widget\" data-e-type=\"widget\" data-widget_type=\"divider.default\">\n\t\t\t\t\t\t\t<div class=\"elementor-divider\">\n\t\t\t<span class=\"elementor-divider-separator\">\n\t\t\t\t\t\t<\/span>\n\t\t<\/div>\n\t\t\t\t\t\t<\/div>\n\t\t\t\t<div class=\"elementor-element elementor-element-0de85f3 wcf-starter-animations-none elementor-widget elementor-widget-heading\" data-id=\"0de85f3\" data-element_type=\"widget\" data-e-type=\"widget\" data-settings=\"{&quot;wcf_starter_animations&quot;:&quot;none&quot;,&quot;wcf_anim_duration&quot;:1000,&quot;wcf_anim_delay&quot;:0,&quot;wcf_anim_ease&quot;:&quot;ease&quot;}\" data-widget_type=\"heading.default\">\n\t\t\t\t\t<p class=\"elementor-heading-title elementor-size-default\">Estructura de hormig\u00f3n armado, fachada con aislamiento t\u00e9rmico y c\u00e1mara de aire, carpinter\u00eda exterior de PVC o aluminio con doble acristalamiento, agua caliente sanitaria por aerotermia y energ\u00eda fotovoltaica en zonas comunes. Edificio La Portada demuestra que la vivienda protegida puede ofrecer prestaciones de alto nivel sin renunciar al precio regulado.<\/p>\t\t\t\t<\/div>\n\t\t\t\t<\/div>\n\t\t\t\t\t<\/div>\n\t\t\t\t<\/div>\n\t\t<div class=\"elementor-element elementor-element-eb32313 e-con-full e-flex wcf-starter-animations-none e-con e-parent\" data-id=\"eb32313\" data-element_type=\"container\" data-e-type=\"container\" id=\"form\" data-settings=\"{&quot;background_background&quot;:&quot;classic&quot;}\">\n\t\t<div class=\"elementor-element elementor-element-2f1337e e-flex e-con-boxed wcf-starter-animations-none e-con e-child\" data-id=\"2f1337e\" data-element_type=\"container\" data-e-type=\"container\">\n\t\t\t\t\t<div class=\"e-con-inner\">\n\t\t\t\t<div class=\"elementor-element elementor-element-6ca59fa wcf-starter-animations-none elementor-widget elementor-widget-heading\" data-id=\"6ca59fa\" data-element_type=\"widget\" data-e-type=\"widget\" data-settings=\"{&quot;wcf_starter_animations&quot;:&quot;none&quot;,&quot;wcf_anim_duration&quot;:1000,&quot;wcf_anim_delay&quot;:0,&quot;wcf_anim_ease&quot;:&quot;ease&quot;}\" data-widget_type=\"heading.default\">\n\t\t\t\t\t<h2 class=\"elementor-heading-title elementor-size-default\">Solicita Informaci\u00f3n Sin Compromiso\n<\/h2>\t\t\t\t<\/div>\n\t\t\t\t<div class=\"elementor-element elementor-element-c409506 wcf-starter-animations-none elementor-widget elementor-widget-heading\" data-id=\"c409506\" data-element_type=\"widget\" data-e-type=\"widget\" data-settings=\"{&quot;wcf_starter_animations&quot;:&quot;none&quot;,&quot;wcf_anim_duration&quot;:1000,&quot;wcf_anim_delay&quot;:0,&quot;wcf_anim_ease&quot;:&quot;ease&quot;}\" data-widget_type=\"heading.default\">\n\t\t\t\t\t<p class=\"elementor-heading-title elementor-size-default\">Para poder optar a las <strong>viviendas VPO de Edificio La Portada en Bormujos<\/strong>, \n            es necesario estar inscrito en el Registro de Demandantes de Vivienda Protegida \n            del Ayuntamiento de Bormujos. Si a\u00fan no est\u00e1s inscrito o necesitas ayuda con el proceso, \n            te informamos de todos los pasos.\n\n<\/p>\t\t\t\t<\/div>\n\t\t\t\t<div class=\"elementor-element elementor-element-4501469 wcf-starter-animations-none elementor-widget elementor-widget-heading\" data-id=\"4501469\" data-element_type=\"widget\" data-e-type=\"widget\" data-settings=\"{&quot;wcf_starter_animations&quot;:&quot;none&quot;,&quot;wcf_anim_duration&quot;:1000,&quot;wcf_anim_delay&quot;:0,&quot;wcf_anim_ease&quot;:&quot;ease&quot;}\" data-widget_type=\"heading.default\">\n\t\t\t\t\t<p class=\"elementor-heading-title elementor-size-default\"><strong>Respuesta en menos de 24 horas.<\/strong>\n\n<\/p>\t\t\t\t<\/div>\n\t\t\t\t<div class=\"elementor-element elementor-element-ff598a2 elementor-widget__width-initial elementor-widget elementor-widget-html\" data-id=\"ff598a2\" data-element_type=\"widget\" data-e-type=\"widget\" data-widget_type=\"html.default\">\n\t\t\t\t\t<!-- Fuentes Google -->\r\n<link href=\"https:\/\/fonts.googleapis.com\/css2?family=Montserrat:wght@300;400;500;600;700&display=swap\" rel=\"stylesheet\">\r\n\r\n<div id=\"formContainerPortada\" style=\"width:100%;max-width:1200px;background:#fff;position:relative;overflow:hidden;margin:0 auto;\">\r\n    \r\n    <div style=\"display:grid;grid-template-columns:1fr 1fr;\">\r\n        \r\n        <div style=\"background:linear-gradient(rgba(0,0,0,0.3), rgba(0,0,0,0.5)), url('https:\/\/edificiolaportada.com\/wp-content\/uploads\/2026\/03\/ChatGPT-Image-6-mar-2026-10_05_49.png') center\/cover;padding:60px 50px;display:flex;flex-direction:column;justify-content:space-between;min-height:700px;position:relative;\">\r\n            \r\n            <div>\r\n                <div style=\"width:50px;height:1px;background:rgba(255,255,255,0.4);margin-bottom:20px;\"><\/div>\r\n                <h3 style=\"color:#fff;font-size:13px;font-weight:400;letter-spacing:3px;margin:0;text-transform:uppercase;opacity:0.9;\">Grupo Q<\/h3>\r\n            <\/div>\r\n            \r\n            <div>\r\n                <h1 style=\"color:#fff;font-size:clamp(32px, 5vw, 48px);font-weight:300;margin:0 0 20px;line-height:1.2;\">Edificio<br><strong style=\"font-weight:600;\">La Portada<\/strong><br><span style=\"font-size:0.6em;font-weight:300;opacity:0.85;\">Viviendas VPO Bormujos<\/span><\/h1>\r\n                <p style=\"color:rgba(255,255,255,0.8);font-size:15px;font-weight:300;margin:0;line-height:1.6;\">Descubre nuestra <strong style=\"font-weight:500;\">promoci\u00f3n de viviendas VPO<\/strong>, dise\u00f1adas para vivir con calidad cerca del Aljarafe.<\/p>\r\n            <\/div>\r\n            \r\n            <div style=\"display:flex;gap:40px;flex-wrap:wrap;\">\r\n                <div>\r\n                    <div style=\"color:rgba(255,255,255,0.5);font-size:11px;text-transform:uppercase;letter-spacing:2px;margin-bottom:8px;\">Desde<\/div>\r\n                    <div style=\"color:#fff;font-size:28px;font-weight:600;\">173.200\u20ac (Iva no Incl.)<\/div>\r\n                <\/div>\r\n            <\/div>\r\n        <\/div>\r\n        \r\n        <div style=\"padding:60px 50px;background:#fff;\">\r\n            \r\n            <div style=\"margin-bottom:50px;\">\r\n                <div style=\"width:40px;height:2px;background:linear-gradient(135deg, #b2981b 0%, #b2981b 100%);margin-bottom:20px;\"><\/div>\r\n                <h2 style=\"font-size:clamp(24px, 3vw, 32px);font-weight:600;margin:0 0 12px;color:#2c3e50;\">Solicita informaci\u00f3n sobre Edificio La Portada<\/h2>\r\n                <p style=\"color:#7f8c8d;font-size:14px;font-weight:300;margin:0;line-height:1.6;\">Completa el formulario y te contactamos en menos de 24 horas.<\/p>\r\n            <\/div>\r\n            \r\n            <form id=\"propertyFormPortada\">\r\n                \r\n                <div style=\"display:grid;grid-template-columns:1fr 1fr;gap:20px;margin-bottom:20px;\">\r\n                    <div>\r\n                        <label style=\"display:block;font-size:11px;font-weight:500;text-transform:uppercase;letter-spacing:1.5px;margin-bottom:10px;color:#2c3e50;\">Nombre *<\/label>\r\n                        <input type=\"text\" name=\"nombre\" required \r\n                            style=\"width:100%;padding:14px 0;border:none;border-bottom:1px solid #ddd;font-size:15px;font-family:'Montserrat',sans-serif;outline:none;background:transparent;box-sizing:border-box;\"\r\n                            onfocus=\"this.style.borderColor='#b2981b'\" \r\n                            onblur=\"this.style.borderColor='#ddd'\"\r\n                            placeholder=\"Tu nombre\">\r\n                    <\/div>\r\n                    <div>\r\n                        <label style=\"display:block;font-size:11px;font-weight:500;text-transform:uppercase;letter-spacing:1.5px;margin-bottom:10px;color:#2c3e50;\">Apellidos *<\/label>\r\n                        <input type=\"text\" name=\"apellidos\" required \r\n                            style=\"width:100%;padding:14px 0;border:none;border-bottom:1px solid #ddd;font-size:15px;font-family:'Montserrat',sans-serif;outline:none;background:transparent;box-sizing:border-box;\"\r\n                            onfocus=\"this.style.borderColor='#b2981b'\" \r\n                            onblur=\"this.style.borderColor='#ddd'\"\r\n                            placeholder=\"Tus apellidos\">\r\n                    <\/div>\r\n                <\/div>\r\n                \r\n                <div style=\"margin-bottom:20px;\">\r\n                    <label style=\"display:block;font-size:11px;font-weight:500;text-transform:uppercase;letter-spacing:1.5px;margin-bottom:10px;color:#2c3e50;\">Email *<\/label>\r\n                    <input type=\"email\" name=\"email\" required \r\n                        style=\"width:100%;padding:14px 0;border:none;border-bottom:1px solid #ddd;font-size:15px;font-family:'Montserrat',sans-serif;outline:none;background:transparent;box-sizing:border-box;\"\r\n                        onfocus=\"this.style.borderColor='#b2981b'\" \r\n                        onblur=\"this.style.borderColor='#ddd'\"\r\n                        placeholder=\"tu@email.com\">\r\n                <\/div>\r\n                \r\n                <div style=\"margin-bottom:30px;\">\r\n                    <label style=\"display:block;font-size:11px;font-weight:500;text-transform:uppercase;letter-spacing:1.5px;margin-bottom:10px;color:#2c3e50;\">Tel\u00e9fono *<\/label>\r\n                    <input type=\"tel\" name=\"telefono\" required \r\n                        style=\"width:100%;padding:14px 0;border:none;border-bottom:1px solid #ddd;font-size:15px;font-family:'Montserrat',sans-serif;outline:none;background:transparent;box-sizing:border-box;\"\r\n                        onfocus=\"this.style.borderColor='#b2981b'\" \r\n                        onblur=\"this.style.borderColor='#ddd'\"\r\n                        placeholder=\"+34 600 123 456\">\r\n                <\/div>\r\n                \r\n                <!-- Campo VPO - Dise\u00f1o original -->\r\n                <div style=\"margin-bottom:30px;\">\r\n                    <div style=\"background:linear-gradient(135deg, #fef5ed 0%, #fef0e6 100%);border-left:4px solid #b2981b;padding:25px;border-radius:8px;\">\r\n                        <div style=\"display:flex;align-items:center;gap:15px;margin-bottom:18px;\">\r\n                            <div style=\"width:40px;height:40px;background:#b2981b;border-radius:50%;display:flex;align-items:center;justify-content:center;flex-shrink:0;\">\r\n                                <svg width=\"20\" height=\"20\" fill=\"none\" stroke=\"#fff\" stroke-width=\"2\" viewBox=\"0 0 24 24\">\r\n                                    <path stroke-linecap=\"round\" stroke-linejoin=\"round\" d=\"M9 12h6m-6 4h6m2 5H7a2 2 0 01-2-2V5a2 2 0 012-2h5.586a1 1 0 01.707.293l5.414 5.414a1 1 0 01.293.707V19a2 2 0 01-2 2z\"\/>\r\n                                <\/svg>\r\n                            <\/div>\r\n                            <div>\r\n                                <label style=\"font-size:12px;font-weight:600;text-transform:uppercase;letter-spacing:1.5px;color:#2c3e50;display:block;margin-bottom:4px;\">\r\n                                    Registro VPO *\r\n                                <\/label>\r\n                                <p style=\"font-size:11px;color:#7f8c8d;margin:0;line-height:1.4;\">\r\n                                    \u00bfEst\u00e1s inscrito como demandante de VPO?\r\n                                <\/p>\r\n                            <\/div>\r\n                        <\/div>\r\n                        \r\n                        <div style=\"display:grid;grid-template-columns:1fr 1fr 1fr;gap:12px;\">\r\n                            <label style=\"cursor:pointer;\">\r\n                                <input type=\"radio\" name=\"registro_vpo\" value=\"Si\" checked style=\"display:none;\" \r\n                                    onchange=\"updateVpoSelectionPortada('vpo_si_port')\">\r\n                                <div id=\"vpo_si_port\" style=\"border:2px solid #b2981b;background:#b2981b;color:#fff;padding:16px;text-align:center;border-radius:8px;transition:all 0.3s;box-shadow:0 2px 8px rgba(213,148,81,0.3);\">\r\n                                    <div style=\"font-size:13px;font-weight:600;\">S\u00ed<\/div>\r\n                                <\/div>\r\n                            <\/label>\r\n                            <label style=\"cursor:pointer;\">\r\n                                <input type=\"radio\" name=\"registro_vpo\" value=\"No\" style=\"display:none;\" \r\n                                    onchange=\"updateVpoSelectionPortada('vpo_no_port')\">\r\n                                <div id=\"vpo_no_port\" style=\"border:2px solid #d0dce5;background:#fff;color:#7f8c8d;padding:16px;text-align:center;border-radius:8px;transition:all 0.3s;\">\r\n                                    <div style=\"font-size:13px;font-weight:600;\">No<\/div>\r\n                                <\/div>\r\n                            <\/label>\r\n                            <label style=\"cursor:pointer;\">\r\n                                <input type=\"radio\" name=\"registro_vpo\" value=\"En tramite\" style=\"display:none;\" \r\n                                    onchange=\"updateVpoSelectionPortada('vpo_tramite_port')\">\r\n                                <div id=\"vpo_tramite_port\" style=\"border:2px solid #d0dce5;background:#fff;color:#7f8c8d;padding:16px;text-align:center;border-radius:8px;transition:all 0.3s;\">\r\n                                    <div style=\"font-size:13px;font-weight:500;line-height:1.2;\">En<br>tr\u00e1mite<\/div>\r\n                                <\/div>\r\n                            <\/label>\r\n                        <\/div>\r\n                    <\/div>\r\n                <\/div>\r\n                \r\n                <div style=\"margin-bottom:20px;\">\r\n                    <label style=\"display:block;font-size:11px;font-weight:500;text-transform:uppercase;letter-spacing:1.5px;margin-bottom:10px;color:#2c3e50;\">\u00bfC\u00f3mo nos conociste? *<\/label>\r\n                    <select name=\"origen\" required\r\n                        style=\"width:100%;padding:14px 0;border:none;border-bottom:1px solid #ddd;font-size:15px;font-family:'Montserrat',sans-serif;outline:none;background:transparent;cursor:pointer;box-sizing:border-box;color:#666;\"\r\n                        onfocus=\"this.style.borderColor='#b2981b'\" \r\n                        onblur=\"this.style.borderColor='#ddd'\">\r\n                        <option value=\"\" disabled selected>Selecciona una opci\u00f3n<\/option>\r\n                        <option value=\"redes\">Redes sociales<\/option>\r\n                        <option value=\"google\">Google<\/option>\r\n                        <option value=\"idealista\">Idealista \/ Fotocasa<\/option>\r\n                        <option value=\"valla\">Valla publicitaria<\/option>\r\n                        <option value=\"recomendacion\">Recomendaci\u00f3n<\/option>\r\n                        <option value=\"oficina\">Oficina de ventas<\/option>\r\n                        <option value=\"otro\">Otro<\/option>\r\n                    <\/select>\r\n                <\/div>\r\n                \r\n                <div style=\"margin-bottom:30px;\">\r\n                    <label style=\"display:block;font-size:11px;font-weight:500;text-transform:uppercase;letter-spacing:1.5px;margin-bottom:10px;color:#2c3e50;\">Mensaje (opcional)<\/label>\r\n                    <textarea name=\"mensaje\" rows=\"4\"\r\n                        style=\"width:100%;padding:14px;border:1px solid #ddd;font-size:15px;font-family:'Montserrat',sans-serif;outline:none;background:transparent;box-sizing:border-box;resize:vertical;\"\r\n                        onfocus=\"this.style.borderColor='#b2981b'\" \r\n                        onblur=\"this.style.borderColor='#ddd'\"\r\n                        placeholder=\"Cu\u00e9ntanos m\u00e1s sobre lo que buscas...\"><\/textarea>\r\n                <\/div>\r\n                \r\n                <div style=\"margin-bottom:30px;\">\r\n                    <div style=\"display:flex;gap:12px;align-items:flex-start;margin-bottom:16px;\">\r\n                        <input type=\"checkbox\" id=\"consentimiento_privacidad_port\" name=\"consentimiento_privacidad\" required\r\n                            style=\"margin-top:4px;width:18px;height:18px;flex-shrink:0;cursor:pointer;accent-color:#b2981b;\">\r\n                        <label for=\"consentimiento_privacidad_port\" style=\"font-size:12px;color:#7f8c8d;line-height:1.6;font-weight:300;\">\r\n                            Acepto la pol\u00edtica de privacidad y el tratamiento de mis datos para recibir informaci\u00f3n comercial. \r\n                            <a href=\"#\" onclick=\"openPrivacyModalPort(event)\" style=\"color:#b2981b;text-decoration:none;border-bottom:1px solid #b2981b;font-weight:500;\">Leer m\u00e1s<\/a>\r\n                        <\/label>\r\n                    <\/div>\r\n                    <div style=\"display:flex;gap:12px;align-items:flex-start;\">\r\n                        <input type=\"checkbox\" id=\"consentimiento_profiling_port\" name=\"consentimiento_profiling\" required\r\n                            style=\"margin-top:4px;width:18px;height:18px;flex-shrink:0;cursor:pointer;accent-color:#b2981b;\">\r\n                        <label for=\"consentimiento_profiling_port\" style=\"font-size:12px;color:#7f8c8d;line-height:1.6;font-weight:300;\">\r\n                            Consiento el tratamiento automatizado de mis datos, incluyendo la elaboraci\u00f3n de perfiles y an\u00e1lisis de comportamiento, para recibir informaci\u00f3n comercial personalizada. \r\n                            <a href=\"#\" onclick=\"openProfilingModalPort(event)\" style=\"color:#b2981b;text-decoration:none;border-bottom:1px solid #b2981b;font-weight:500;\">Leer m\u00e1s<\/a>\r\n                        <\/label>\r\n                    <\/div>\r\n                <\/div>\r\n                \r\n                <button type=\"submit\"\r\n                    style=\"width:100%;background:linear-gradient(135deg, #b2981b 0%, #ac4450 100%);color:#fff;border:none;padding:18px;font-family:'Montserrat',sans-serif;font-size:12px;font-weight:500;letter-spacing:2px;text-transform:uppercase;cursor:pointer;\">\r\n                    Solicitar Informaci\u00f3n\r\n                <\/button>\r\n                \r\n                <p style=\"text-align:center;font-size:11px;color:#bdc3c7;margin:20px 0 0;letter-spacing:1px;\">\ud83d\udd12 Tus datos est\u00e1n protegidos<\/p>\r\n            <\/form>\r\n            \r\n        <\/div>\r\n        \r\n    <\/div>\r\n    \r\n    <div id=\"successMessagePort\" style=\"display:none;position:absolute;inset:0;background:#fff;padding:60px;flex-direction:column;align-items:center;justify-content:center;text-align:center;\">\r\n        <div style=\"width:80px;height:80px;border:2px solid #b2981b;display:flex;align-items:center;justify-content:center;margin:0 auto 40px;\">\r\n            <svg width=\"40\" height=\"40\" fill=\"none\" stroke=\"#b2981b\" stroke-width=\"2\" viewBox=\"0 0 24 24\">\r\n                <path stroke-linecap=\"round\" stroke-linejoin=\"round\" d=\"M5 13l4 4L19 7\"\/>\r\n            <\/svg>\r\n        <\/div>\r\n        <div style=\"width:40px;height:2px;background:#b2981b;margin:0 auto 20px;\"><\/div>\r\n        <h3 style=\"font-size:36px;color:#2c3e50;margin:0 0 20px;font-weight:600;\">\u00a1Solicitud Recibida!<\/h3>\r\n        <p style=\"font-size:16px;color:#7f8c8d;margin:0 0 40px;line-height:1.7;max-width:400px;\">Hemos recibido tu solicitud correctamente. Te contactaremos en menos de 24 horas.<\/p>\r\n        <button onclick=\"resetFormPort()\"\r\n            style=\"background:linear-gradient(135deg, #b2981b 0%, #ac4450 100%);color:#fff;border:none;padding:16px 40px;font-family:'Montserrat',sans-serif;font-size:12px;letter-spacing:2px;text-transform:uppercase;cursor:pointer;\">\r\n            Volver al formulario\r\n        <\/button>\r\n    <\/div>\r\n<\/div>\r\n\r\n<!-- POPUP MODAL 1: POL\u00cdTICA DE PRIVACIDAD -->\r\n<div id=\"privacyModalPort\" style=\"display:none;position:fixed;inset:0;background:rgba(0,0,0,0.8);z-index:9999;overflow-y:auto;padding:20px;\">\r\n    <div style=\"max-width:800px;margin:40px auto;background:#fff;position:relative;\">\r\n        <button onclick=\"closePrivacyModalPort()\" style=\"position:absolute;top:20px;right:20px;background:#b2981b;color:#fff;border:none;width:40px;height:40px;font-size:24px;cursor:pointer;z-index:1;\">\u00d7<\/button>\r\n        <div style=\"padding:60px 50px;max-height:80vh;overflow-y:auto;\">\r\n            <h2 style=\"font-size:28px;font-weight:600;margin:0 0 30px;color:#2c3e50;\">Pol\u00edtica de Privacidad<\/h2>\r\n            <div style=\"font-size:14px;line-height:1.8;color:#555;\">\r\n                <p><strong>QUARTZIA SERVICIOS INMOBILIARIOS, S.L.<\/strong> de nacionalidad espa\u00f1ola, con domicilio social en Edificio Puerta Aljarafe, Parque Aljarafe, s\/n, 41940-Tomares (Sevilla) es la entidad que gestiona los datos personales obtenidos mediante la presente web ya sea mediante el cumplimiento de formularios, a trav\u00e9s de p\u00e1gina web o mediante correo electr\u00f3nico.<\/p>\r\n                <p>Entre los valores con los que se identifica nuestra entidad est\u00e1 la transparencia por ello queremos indicarle que la privacidad de sus datos es muy importante para nosotros. Le invitamos por tanto a leer detenidamente estos t\u00e9rminos antes de facilitarnos sus datos personales.<\/p>\r\n                <p><strong>QUARTZIA SERVICIOS INMOBILIARIOS, S.L.<\/strong> tiene como principios respecto a la privacidad los siguientes:<\/p>\r\n                <ul>\r\n                    <li>Nunca utilizaremos datos personales con una finalidad diferente a la indicada.<\/li>\r\n                    <li>Nunca compartimos datos personales a terceros que no sean entidades pertenecientes a nuestro grupo empresarial, y esto siempre que sea necesario para la finalidad, excepto para cumplir con alguna obligaci\u00f3n legal o tengamos autorizaci\u00f3n expresa del interesado.<\/li>\r\n                    <li>No solicitamos informaci\u00f3n personal a menos que sea estrictamente necesaria para prestar el servicio o realizar las gestiones necesarias en relaci\u00f3n con el fin convenido.<\/li>\r\n                <\/ul>\r\n                <h3 style=\"font-size:20px;font-weight:600;margin:30px 0 15px;color:#2c3e50;\">Responsable del tratamiento de datos personales<\/h3>\r\n                <p><strong>Identidad:<\/strong> Quartzia Servicios Inmobiliarios, S.L.<br>\r\n                <strong>CIF:<\/strong> B-91.730.267<br>\r\n                <strong>Direcci\u00f3n Postal:<\/strong> Edificio Puerta Aljarafe, Parque Aljarafe, s\/n, 41940-Tomares (Sevilla)<br>\r\n                <strong>Tel\u00e9fono:<\/strong> 902257325<br>\r\n                <strong>Correo Electr\u00f3nico:<\/strong> grupoq@grupoq.net<\/p>\r\n                <p style=\"margin-top:30px;\"><strong>\u00daltima actualizaci\u00f3n:<\/strong> Marzo 2026<\/p>\r\n            <\/div>\r\n        <\/div>\r\n    <\/div>\r\n<\/div>\r\n\r\n<!-- POPUP MODAL 2: ELABORACI\u00d3N DE PERFILES -->\r\n<div id=\"profilingModalPort\" style=\"display:none;position:fixed;inset:0;background:rgba(0,0,0,0.8);z-index:9999;overflow-y:auto;padding:20px;\">\r\n    <div style=\"max-width:800px;margin:40px auto;background:#fff;position:relative;\">\r\n        <button onclick=\"closeProfilingModalPort()\" style=\"position:absolute;top:20px;right:20px;background:#b2981b;color:#fff;border:none;width:40px;height:40px;font-size:24px;cursor:pointer;z-index:1;\">\u00d7<\/button>\r\n        <div style=\"padding:60px 50px;max-height:80vh;overflow-y:auto;\">\r\n            <h2 style=\"font-size:28px;font-weight:600;margin:0 0 10px;color:#2c3e50;\">Informaci\u00f3n sobre Protecci\u00f3n de Datos<\/h2>\r\n            <h3 style=\"font-size:20px;font-weight:400;margin:0 0 30px;color:#7f8c8d;\">y Elaboraci\u00f3n de Perfiles<\/h3>\r\n            <div style=\"font-size:14px;line-height:1.8;color:#555;\">\r\n                <h3 style=\"font-size:18px;font-weight:600;margin:30px 0 15px;color:#2c3e50;border-bottom:2px solid #b2981b;padding-bottom:10px;\">RESPONSABLE DEL TRATAMIENTO<\/h3>\r\n                <p><strong>QUARTZIA SERVICIOS INMOBILIARIOS, S.L.<\/strong><br>\r\n                <strong>Tel\u00e9fono:<\/strong> 902257325<br>\r\n                <strong>Email:<\/strong> grupoq@grupoq.net<\/p>\r\n                <p style=\"margin-top:30px;font-size:12px;color:#999;\"><strong>Fecha de \u00faltima actualizaci\u00f3n:<\/strong> Marzo 2026<\/p>\r\n            <\/div>\r\n        <\/div>\r\n    <\/div>\r\n<\/div>\r\n\r\n<style>\r\n    @media (max-width: 900px) {\r\n        #formContainerPortada > div {\r\n            grid-template-columns: 1fr !important;\r\n        }\r\n        #formContainerPortada > div > div:first-child {\r\n            min-height: 400px !important;\r\n            padding: 40px 30px !important;\r\n        }\r\n        #formContainerPortada > div > div:last-child {\r\n            padding: 40px 30px !important;\r\n        }\r\n    }\r\n<\/style>\r\n\r\n<script>\r\n(function() {\r\nconst PROXY_ENDPOINT_PORT = '\/wp-json\/gq\/v1\/leads';\r\nconst PROMOCION_PORT = 'Edificio La Portada';\r\n\r\nwindow.updateVpoSelectionPortada = function(selectedId) {\r\n    const options = ['vpo_si_port', 'vpo_no_port', 'vpo_tramite_port'];\r\n    options.forEach(id => {\r\n        const element = document.getElementById(id);\r\n        if (id === selectedId) {\r\n            element.style.borderColor = '#b2981b';\r\n            element.style.background = '#b2981b';\r\n            element.style.color = '#fff';\r\n            element.style.boxShadow = '0 2px 8px rgba(213,148,81,0.3)';\r\n        } else {\r\n            element.style.borderColor = '#d0dce5';\r\n            element.style.background = '#fff';\r\n            element.style.color = '#7f8c8d';\r\n            element.style.boxShadow = 'none';\r\n        }\r\n    });\r\n};\r\n\r\nconst form = document.getElementById('propertyFormPortada');\r\nif (form) {\r\n    form.addEventListener('submit', function(e) {\r\n        e.preventDefault();\r\n        \r\n        const fd = new FormData(this);\r\n        \r\n        \/\/ Obtener visitor_id del localStorage si existe\r\n        let visitorId = '';\r\n        try {\r\n            const visitorData = localStorage.getItem('gq_visitor');\r\n            if (visitorData) {\r\n                const parsed = JSON.parse(visitorData);\r\n                visitorId = parsed.id || '';\r\n            }\r\n        } catch(e) {}\r\n        \r\n        const data = {\r\n            nombre: fd.get('nombre') || '',\r\n            apellidos: fd.get('apellidos') || '',\r\n            email: fd.get('email') || '',\r\n            telefono: fd.get('telefono') || '',\r\n            registro_vpo: fd.get('registro_vpo') || '',\r\n            origen: fd.get('origen') || '',\r\n            mensaje: fd.get('mensaje') || '',\r\n            consentimiento_privacidad: fd.get('consentimiento_privacidad') ? 'S\u00ed' : 'No',\r\n            consentimiento_profiling: fd.get('consentimiento_profiling') ? 'S\u00ed' : 'No',\r\n            promocion: PROMOCION_PORT,\r\n            visitor_id: visitorId\r\n        };\r\n        \r\n        const btn = this.querySelector('button[type=\"submit\"]');\r\n        const btnOriginalText = btn.textContent;\r\n        btn.disabled = true;\r\n        btn.textContent = 'Enviando...';\r\n        btn.style.opacity = '0.6';\r\n\r\n        fetch(PROXY_ENDPOINT_PORT, {\r\n            method: 'POST',\r\n            headers: { 'Content-Type': 'application\/json' },\r\n            body: JSON.stringify(data),\r\n            credentials: 'same-origin'\r\n        })\r\n        .then(r => {\r\n            if (!r.ok) throw new Error('Error en la respuesta del servidor');\r\n            return r.json();\r\n        })\r\n        .then(result => {\r\n            if (result.success) {\r\n                document.getElementById('successMessagePort').style.display = 'flex';\r\n                \r\n                if (typeof fbq !== 'undefined') {\r\n                    fbq('track', 'Lead', {\r\n                        content_name: PROMOCION_PORT,\r\n                        content_category: 'VPO',\r\n                        currency: 'EUR'\r\n                    });\r\n                }\r\n                \r\n                this.reset();\r\n                if (typeof updateVpoSelectionPortada === 'function') {\r\n                    updateVpoSelectionPortada('vpo_si_port');\r\n                }\r\n            } else {\r\n                alert('Error: ' + (result.message || 'No se pudo enviar el formulario'));\r\n            }\r\n        })\r\n        .catch(error => {\r\n            console.error('Error:', error);\r\n            alert('Error de conexi\u00f3n. Por favor, int\u00e9ntalo de nuevo.');\r\n        })\r\n        .finally(() => {\r\n            btn.disabled = false;\r\n            btn.textContent = btnOriginalText;\r\n            btn.style.opacity = '1';\r\n        });\r\n    });\r\n}\r\n\r\nwindow.resetFormPort = function() {\r\n    document.getElementById('successMessagePort').style.display = 'none';\r\n};\r\n\r\nwindow.openPrivacyModalPort = function(e) {\r\n    e.preventDefault();\r\n    document.getElementById('privacyModalPort').style.display = 'block';\r\n    document.body.style.overflow = 'hidden';\r\n};\r\n\r\nwindow.closePrivacyModalPort = function() {\r\n    document.getElementById('privacyModalPort').style.display = 'none';\r\n    document.body.style.overflow = 'auto';\r\n};\r\n\r\nwindow.openProfilingModalPort = function(e) {\r\n    e.preventDefault();\r\n    document.getElementById('profilingModalPort').style.display = 'block';\r\n    document.body.style.overflow = 'hidden';\r\n};\r\n\r\nwindow.closeProfilingModalPort = function() {\r\n    document.getElementById('profilingModalPort').style.display = 'none';\r\n    document.body.style.overflow = 'auto';\r\n};\r\n\r\ndocument.addEventListener('click', function(e) {\r\n    if (e.target.id === 'privacyModalPort') window.closePrivacyModalPort();\r\n    if (e.target.id === 'profilingModalPort') window.closeProfilingModalPort();\r\n});\r\n\r\ndocument.addEventListener('keydown', function(e) {\r\n    if (e.key === 'Escape') {\r\n        window.closePrivacyModalPort();\r\n        window.closeProfilingModalPort();\r\n    }\r\n});\r\n})();\r\n<\/script>\t\t\t\t<\/div>\n\t\t\t\t\t<\/div>\n\t\t\t\t<\/div>\n\t\t\t\t<\/div>\n\t\t<div class=\"elementor-element elementor-element-edbb572 e-con-full e-flex wcf-starter-animations-none e-con e-parent\" data-id=\"edbb572\" data-element_type=\"container\" data-e-type=\"container\">\n\t\t<div class=\"elementor-element elementor-element-1b7d284 e-con-full e-flex wcf-starter-animations-none elementor-invisible e-con e-child\" data-id=\"1b7d284\" data-element_type=\"container\" data-e-type=\"container\" data-settings=\"{&quot;animation&quot;:&quot;slideInLeft&quot;}\">\n\t\t\t\t<\/div>\n\t\t<div class=\"elementor-element elementor-element-fc45ee6 e-con-full e-flex wcf-starter-animations-none elementor-invisible e-con e-child\" data-id=\"fc45ee6\" data-element_type=\"container\" data-e-type=\"container\" data-settings=\"{&quot;animation&quot;:&quot;slideInRight&quot;}\">\n\t\t<div class=\"elementor-element elementor-element-763688b e-flex e-con-boxed wcf-starter-animations-none e-con e-child\" data-id=\"763688b\" data-element_type=\"container\" data-e-type=\"container\">\n\t\t\t\t\t<div class=\"e-con-inner\">\n\t\t\t\t<div class=\"elementor-element elementor-element-b94b500 wcf-starter-animations-none elementor-widget elementor-widget-heading\" data-id=\"b94b500\" data-element_type=\"widget\" data-e-type=\"widget\" data-settings=\"{&quot;wcf_starter_animations&quot;:&quot;none&quot;,&quot;wcf_anim_duration&quot;:1000,&quot;wcf_anim_delay&quot;:0,&quot;wcf_anim_ease&quot;:&quot;ease&quot;}\" data-widget_type=\"heading.default\">\n\t\t\t\t\t<h3 class=\"elementor-heading-title elementor-size-default\">Zonas Comunes Dise\u00f1adas para Disfrutar<\/h3>\t\t\t\t<\/div>\n\t\t\t\t<div class=\"elementor-element elementor-element-430637a wcf-starter-animations-none elementor-widget elementor-widget-heading\" data-id=\"430637a\" data-element_type=\"widget\" data-e-type=\"widget\" data-settings=\"{&quot;wcf_starter_animations&quot;:&quot;none&quot;,&quot;wcf_anim_duration&quot;:1000,&quot;wcf_anim_delay&quot;:0,&quot;wcf_anim_ease&quot;:&quot;ease&quot;}\" data-widget_type=\"heading.default\">\n\t\t\t\t\t<p class=\"elementor-heading-title elementor-size-default\">Las viviendas de Edificio La Portada cuentan con amplios salones con cocina integrada de entre 22 y 30 m\u00b2, dise\u00f1ados para maximizar la luz natural y crear ambientes di\u00e1fanos perfectos para la vida familiar. Suelos laminados SPC de alta dureza, carpinter\u00eda lacada en blanco y acceso directo a terrazas exteriores completan espacios donde cada metro cuadrado est\u00e1 aprovechado al m\u00e1ximo. Viviendas VPO en Bormujos que demuestran que protecci\u00f3n oficial y calidad no est\u00e1n re\u00f1idos.<\/p>\t\t\t\t<\/div>\n\t\t\t\t\t<\/div>\n\t\t\t\t<\/div>\n\t\t\t\t<\/div>\n\t\t\t\t<\/div>\n\t\t<div class=\"elementor-element elementor-element-225f064 e-con-full e-flex wcf-starter-animations-none e-con e-parent\" data-id=\"225f064\" data-element_type=\"container\" data-e-type=\"container\">\n\t\t<div class=\"elementor-element elementor-element-98a5940 e-con-full e-flex wcf-starter-animations-none elementor-invisible e-con e-child\" data-id=\"98a5940\" data-element_type=\"container\" data-e-type=\"container\" data-settings=\"{&quot;animation&quot;:&quot;slideInLeft&quot;}\">\n\t\t<div class=\"elementor-element elementor-element-f60b8dd e-flex e-con-boxed wcf-starter-animations-none elementor-invisible e-con e-child\" data-id=\"f60b8dd\" data-element_type=\"container\" data-e-type=\"container\" data-settings=\"{&quot;animation&quot;:&quot;slideInLeft&quot;}\">\n\t\t\t\t\t<div class=\"e-con-inner\">\n\t\t\t\t<div class=\"elementor-element elementor-element-0326dcc wcf-starter-animations-none elementor-widget elementor-widget-heading\" data-id=\"0326dcc\" data-element_type=\"widget\" data-e-type=\"widget\" data-settings=\"{&quot;wcf_starter_animations&quot;:&quot;none&quot;,&quot;wcf_anim_duration&quot;:1000,&quot;wcf_anim_delay&quot;:0,&quot;wcf_anim_ease&quot;:&quot;ease&quot;}\" data-widget_type=\"heading.default\">\n\t\t\t\t\t<h3 class=\"elementor-heading-title elementor-size-default\">Espacios Amplios y Luminosos<\/h3>\t\t\t\t<\/div>\n\t\t\t\t<div class=\"elementor-element elementor-element-1e3781c wcf-starter-animations-none elementor-widget elementor-widget-heading\" data-id=\"1e3781c\" data-element_type=\"widget\" data-e-type=\"widget\" data-settings=\"{&quot;wcf_starter_animations&quot;:&quot;none&quot;,&quot;wcf_anim_duration&quot;:1000,&quot;wcf_anim_delay&quot;:0,&quot;wcf_anim_ease&quot;:&quot;ease&quot;}\" data-widget_type=\"heading.default\">\n\t\t\t\t\t<p class=\"elementor-heading-title elementor-size-default\">Las viviendas de planta baja de Edificio La Portada disponen de jard\u00edn privado de hasta 44 m\u00b2 con porche cubierto, un espacio exterior exclusivo para disfrutar del clima andaluz sin salir de casa. Ideal para familias que buscan el confort de una vivienda unifamiliar con las ventajas de una promoci\u00f3n de vivienda protegida en Bormujos. Un lujo habitualmente reservado a viviendas de renta libre, aqu\u00ed accesible con precio VPO.<\/p>\t\t\t\t<\/div>\n\t\t\t\t\t<\/div>\n\t\t\t\t<\/div>\n\t\t\t\t<\/div>\n\t\t<div class=\"elementor-element elementor-element-b2f27b5 e-con-full e-flex wcf-starter-animations-none elementor-invisible e-con e-child\" data-id=\"b2f27b5\" data-element_type=\"container\" data-e-type=\"container\" data-settings=\"{&quot;animation&quot;:&quot;slideInRight&quot;}\">\n\t\t\t\t<\/div>\n\t\t\t\t<\/div>\n\t\t<div class=\"elementor-element elementor-element-fb0e509 e-con-full e-flex wcf-starter-animations-none e-con e-parent\" data-id=\"fb0e509\" data-element_type=\"container\" data-e-type=\"container\">\n\t\t<div class=\"elementor-element elementor-element-3f44d9c e-con-full e-flex wcf-starter-animations-none elementor-invisible e-con e-child\" data-id=\"3f44d9c\" data-element_type=\"container\" data-e-type=\"container\" data-settings=\"{&quot;animation&quot;:&quot;slideInLeft&quot;}\">\n\t\t\t\t<\/div>\n\t\t<div class=\"elementor-element elementor-element-847c628 e-con-full e-flex wcf-starter-animations-none elementor-invisible e-con e-child\" data-id=\"847c628\" data-element_type=\"container\" data-e-type=\"container\" data-settings=\"{&quot;animation&quot;:&quot;slideInRight&quot;}\">\n\t\t<div class=\"elementor-element elementor-element-eba4e2b e-flex e-con-boxed wcf-starter-animations-none e-con e-child\" data-id=\"eba4e2b\" data-element_type=\"container\" data-e-type=\"container\">\n\t\t\t\t\t<div class=\"e-con-inner\">\n\t\t\t\t<div class=\"elementor-element elementor-element-7fb5523 wcf-starter-animations-none elementor-widget elementor-widget-heading\" data-id=\"7fb5523\" data-element_type=\"widget\" data-e-type=\"widget\" data-settings=\"{&quot;wcf_starter_animations&quot;:&quot;none&quot;,&quot;wcf_anim_duration&quot;:1000,&quot;wcf_anim_delay&quot;:0,&quot;wcf_anim_ease&quot;:&quot;ease&quot;}\" data-widget_type=\"heading.default\">\n\t\t\t\t\t<h3 class=\"elementor-heading-title elementor-size-default\">\u00c1ticos con sol\u00e1rium de hasta 83 m\u00b2<\/h3>\t\t\t\t<\/div>\n\t\t\t\t<div class=\"elementor-element elementor-element-a2e6f7d wcf-starter-animations-none elementor-widget elementor-widget-heading\" data-id=\"a2e6f7d\" data-element_type=\"widget\" data-e-type=\"widget\" data-settings=\"{&quot;wcf_starter_animations&quot;:&quot;none&quot;,&quot;wcf_anim_duration&quot;:1000,&quot;wcf_anim_delay&quot;:0,&quot;wcf_anim_ease&quot;:&quot;ease&quot;}\" data-widget_type=\"heading.default\">\n\t\t\t\t\t<p class=\"elementor-heading-title elementor-size-default\">Los \u00e1ticos de Edificio La Portada cuentan con amplios sol\u00e1rium privativos de hasta 83 m\u00b2 con vistas panor\u00e1micas al Aljarafe sevillano. Un espacio exterior \u00fanico para disfrutar del clima mediterr\u00e1neo durante todo el a\u00f1o, perfecto para cenas al aire libre, zona chill-out o incluso huerto urbano. Una prestaci\u00f3n excepcional en vivienda de protecci\u00f3n oficial que convierte estos \u00e1ticos VPO en Bormujos en una oportunidad \u00fanica de acceder a vivienda nueva con espacios exteriores de lujo a precio regulado.<\/p>\t\t\t\t<\/div>\n\t\t\t\t\t<\/div>\n\t\t\t\t<\/div>\n\t\t\t\t<\/div>\n\t\t\t\t<\/div>\n\t\t<div class=\"elementor-element elementor-element-fa05225 e-con-full e-flex wcf-starter-animations-none e-con e-parent\" data-id=\"fa05225\" data-element_type=\"container\" data-e-type=\"container\">\n\t\t<div class=\"elementor-element elementor-element-f95983d e-con-full e-flex wcf-starter-animations-none elementor-invisible e-con e-child\" data-id=\"f95983d\" data-element_type=\"container\" data-e-type=\"container\" data-settings=\"{&quot;animation&quot;:&quot;slideInLeft&quot;}\">\n\t\t<div class=\"elementor-element elementor-element-e28e95b e-flex e-con-boxed wcf-starter-animations-none elementor-invisible e-con e-child\" data-id=\"e28e95b\" data-element_type=\"container\" data-e-type=\"container\" data-settings=\"{&quot;animation&quot;:&quot;slideInLeft&quot;}\">\n\t\t\t\t\t<div class=\"e-con-inner\">\n\t\t\t\t<div class=\"elementor-element elementor-element-98d2c22 wcf-starter-animations-none elementor-widget elementor-widget-heading\" data-id=\"98d2c22\" data-element_type=\"widget\" data-e-type=\"widget\" data-settings=\"{&quot;wcf_starter_animations&quot;:&quot;none&quot;,&quot;wcf_anim_duration&quot;:1000,&quot;wcf_anim_delay&quot;:0,&quot;wcf_anim_ease&quot;:&quot;ease&quot;}\" data-widget_type=\"heading.default\">\n\t\t\t\t\t<h2 class=\"elementor-heading-title elementor-size-default\">Dormitorios Dise\u00f1ados para el Descanso<\/h2>\t\t\t\t<\/div>\n\t\t\t\t<div class=\"elementor-element elementor-element-05e4e26 wcf-starter-animations-none elementor-widget elementor-widget-heading\" data-id=\"05e4e26\" data-element_type=\"widget\" data-e-type=\"widget\" data-settings=\"{&quot;wcf_starter_animations&quot;:&quot;none&quot;,&quot;wcf_anim_duration&quot;:1000,&quot;wcf_anim_delay&quot;:0,&quot;wcf_anim_ease&quot;:&quot;ease&quot;}\" data-widget_type=\"heading.default\">\n\t\t\t\t\t<p class=\"elementor-heading-title elementor-size-default\">Los dormitorios de Edificio La Portada destacan por su luminosidad y distribuci\u00f3n funcional. El dormitorio principal supera los 12 m\u00b2 en todas las tipolog\u00edas, con frentes de armario lacados en blanco, persianas en todas las ventanas y orientaciones estudiadas para aprovechar la luz natural. Espacios de descanso pensados para el bienestar de toda la familia, con acabados de calidad superior que caracterizan las viviendas VPO de Grupo Q en Bormujos.<\/p>\t\t\t\t<\/div>\n\t\t\t\t\t<\/div>\n\t\t\t\t<\/div>\n\t\t\t\t<\/div>\n\t\t<div class=\"elementor-element elementor-element-265f4a6 e-con-full e-flex wcf-starter-animations-none elementor-invisible e-con e-child\" data-id=\"265f4a6\" data-element_type=\"container\" data-e-type=\"container\" data-settings=\"{&quot;animation&quot;:&quot;slideInRight&quot;}\">\n\t\t\t\t<\/div>\n\t\t\t\t<\/div>\n\t\t<div class=\"elementor-element elementor-element-561c2ca e-con-full e-flex wcf-starter-animations-none e-con e-parent\" data-id=\"561c2ca\" data-element_type=\"container\" data-e-type=\"container\" data-settings=\"{&quot;background_background&quot;:&quot;classic&quot;}\">\n\t\t\t\t<div class=\"elementor-element elementor-element-be8bc4b elementor-widget elementor-widget-html\" data-id=\"be8bc4b\" data-element_type=\"widget\" data-e-type=\"widget\" data-widget_type=\"html.default\">\n\t\t\t\t\t<!-- =============================================\r\n     MARQUEE SCROLL INFINITO \u2014 EDIFICIO LA PORTADA\r\n     Color: #b2981b (dorado)\r\n     ============================================= -->\r\n<style>\r\n.gq-marquee {\r\n    \/* ====== COLORES PERSONALIZADOS ====== *\/\r\n    --mq-bg: linear-gradient(90deg, #b2981b 0%, #8a7414 100%);\r\n    --mq-text: rgba(255, 255, 255, 0.95);\r\n    --mq-dot: #ffffff;\r\n    --mq-size: 16px;\r\n    --mq-padding: 25px;\r\n    --mq-speed: 40s;\r\n    --mq-font: -apple-system, BlinkMacSystemFont, 'Segoe UI', Roboto, sans-serif;\r\n    \/* ==================================== *\/\r\n    background: var(--mq-bg);\r\n    padding: var(--mq-padding) 0;\r\n    overflow: hidden;\r\n    white-space: nowrap;\r\n    width: 100%;\r\n}\r\n.gq-marquee-track {\r\n    display: inline-flex;\r\n    animation: gqMarqueeScroll var(--mq-speed) linear infinite;\r\n}\r\n.gq-marquee-track:hover {\r\n    animation-play-state: paused;\r\n}\r\n.gq-marquee-content {\r\n    display: inline-flex;\r\n    align-items: center;\r\n    font-family: var(--mq-font);\r\n    font-size: var(--mq-size);\r\n    color: var(--mq-text);\r\n    letter-spacing: 2px;\r\n    text-transform: uppercase;\r\n    font-weight: 600;\r\n}\r\n.gq-marquee-content span {\r\n    padding: 0 24px;\r\n}\r\n.gq-marquee-dot {\r\n    display: inline-block;\r\n    width: 6px;\r\n    height: 6px;\r\n    background: var(--mq-dot);\r\n    border-radius: 50%;\r\n    flex-shrink: 0;\r\n    opacity: 0.7;\r\n}\r\n@keyframes gqMarqueeScroll {\r\n    0% { transform: translateX(0); }\r\n    100% { transform: translateX(-50%); }\r\n}\r\n\/* M\u00f3vil: texto m\u00e1s peque\u00f1o *\/\r\n@media (max-width: 768px) {\r\n    .gq-marquee {\r\n        --mq-size: 13px;\r\n        --mq-padding: 18px;\r\n    }\r\n    .gq-marquee-content span {\r\n        padding: 0 16px;\r\n    }\r\n    .gq-marquee-dot {\r\n        width: 5px;\r\n        height: 5px;\r\n    }\r\n}\r\n<\/style>\r\n\r\n<div class=\"gq-marquee\">\r\n    <div class=\"gq-marquee-track\">\r\n        <!-- Bloque 1 (se duplica para scroll infinito) -->\r\n        <div class=\"gq-marquee-content\">\r\n            <span>31 viviendas VPO<\/span><i class=\"gq-marquee-dot\"><\/i>\r\n            <span>Bormujos<\/span><i class=\"gq-marquee-dot\"><\/i>\r\n            <span>Calle Paraje de Paterna<\/span><i class=\"gq-marquee-dot\"><\/i>\r\n            <span>2 y 3 dormitorios<\/span><i class=\"gq-marquee-dot\"><\/i>\r\n            <span>\u00c1ticos con sol\u00e1rium 83 m\u00b2<\/span><i class=\"gq-marquee-dot\"><\/i>\r\n            <span>Jard\u00edn privado planta baja<\/span><i class=\"gq-marquee-dot\"><\/i>\r\n            <span>Garaje + trastero incluidos<\/span><i class=\"gq-marquee-dot\"><\/i>\r\n            <span>Desde 54,89 m\u00b2 \u00fatiles<\/span><i class=\"gq-marquee-dot\"><\/i>\r\n            <span>Desde 173.200\u20ac + IVA<\/span><i class=\"gq-marquee-dot\"><\/i>\r\n            <span>A 15 min centro Bormujos<\/span><i class=\"gq-marquee-dot\"><\/i>\r\n            <span>Aerotermia + fotovoltaica<\/span><i class=\"gq-marquee-dot\"><\/i>\r\n            <span>Doble acristalamiento<\/span><i class=\"gq-marquee-dot\"><\/i>\r\n            <span>A 5 min acceso A-49<\/span><i class=\"gq-marquee-dot\"><\/i>\r\n            <span>Supermercado 2 min<\/span><i class=\"gq-marquee-dot\"><\/i>\r\n            <span>Colegios 5 min<\/span><i class=\"gq-marquee-dot\"><\/i>\r\n            <span>Bus M101-b a Sevilla<\/span><i class=\"gq-marquee-dot\"><\/i>\r\n            <span>17 tipolog\u00edas diferentes<\/span><i class=\"gq-marquee-dot\"><\/i>\r\n            <span>Adosados 3 dormitorios<\/span><i class=\"gq-marquee-dot\"><\/i>\r\n            <span>Suelos SPC alta dureza<\/span><i class=\"gq-marquee-dot\"><\/i>\r\n            <span>Grupo Q Aljarafe<\/span><i class=\"gq-marquee-dot\"><\/i>\r\n        <\/div>\r\n        <!-- Bloque 2 (copia exacta para loop continuo) -->\r\n        <div class=\"gq-marquee-content\">\r\n            <span>31 viviendas VPO<\/span><i class=\"gq-marquee-dot\"><\/i>\r\n            <span>Bormujos<\/span><i class=\"gq-marquee-dot\"><\/i>\r\n            <span>Calle Paraje de Paterna<\/span><i class=\"gq-marquee-dot\"><\/i>\r\n            <span>2 y 3 dormitorios<\/span><i class=\"gq-marquee-dot\"><\/i>\r\n            <span>\u00c1ticos con sol\u00e1rium 83 m\u00b2<\/span><i class=\"gq-marquee-dot\"><\/i>\r\n            <span>Jard\u00edn privado planta baja<\/span><i class=\"gq-marquee-dot\"><\/i>\r\n            <span>Garaje + trastero incluidos<\/span><i class=\"gq-marquee-dot\"><\/i>\r\n            <span>Desde 54,89 m\u00b2 \u00fatiles<\/span><i class=\"gq-marquee-dot\"><\/i>\r\n            <span>Desde 173.200\u20ac + IVA<\/span><i class=\"gq-marquee-dot\"><\/i>\r\n            <span>A 15 min centro Bormujos<\/span><i class=\"gq-marquee-dot\"><\/i>\r\n            <span>Aerotermia + fotovoltaica<\/span><i class=\"gq-marquee-dot\"><\/i>\r\n            <span>Doble acristalamiento<\/span><i class=\"gq-marquee-dot\"><\/i>\r\n            <span>A 5 min acceso A-49<\/span><i class=\"gq-marquee-dot\"><\/i>\r\n            <span>Supermercado 2 min<\/span><i class=\"gq-marquee-dot\"><\/i>\r\n            <span>Colegios 5 min<\/span><i class=\"gq-marquee-dot\"><\/i>\r\n            <span>Bus M101-b a Sevilla<\/span><i class=\"gq-marquee-dot\"><\/i>\r\n            <span>17 tipolog\u00edas diferentes<\/span><i class=\"gq-marquee-dot\"><\/i>\r\n            <span>Adosados 3 dormitorios<\/span><i class=\"gq-marquee-dot\"><\/i>\r\n            <span>Suelos SPC alta dureza<\/span><i class=\"gq-marquee-dot\"><\/i>\r\n            <span>Grupo Q Aljarafe<\/span><i class=\"gq-marquee-dot\"><\/i>\r\n        <\/div>\r\n    <\/div>\r\n<\/div>\t\t\t\t<\/div>\n\t\t\t\t<\/div>\n\t\t<div class=\"elementor-element elementor-element-73213d0 e-flex e-con-boxed wcf-starter-animations-none e-con e-parent\" data-id=\"73213d0\" data-element_type=\"container\" data-e-type=\"container\">\n\t\t\t\t\t<div class=\"e-con-inner\">\n\t\t\t\t<div class=\"elementor-element elementor-element-6a5797e wcf-starter-animations-none elementor-widget elementor-widget-heading\" data-id=\"6a5797e\" data-element_type=\"widget\" data-e-type=\"widget\" data-settings=\"{&quot;wcf_starter_animations&quot;:&quot;none&quot;,&quot;wcf_anim_duration&quot;:1000,&quot;wcf_anim_delay&quot;:0,&quot;wcf_anim_ease&quot;:&quot;ease&quot;}\" data-widget_type=\"heading.default\">\n\t\t\t\t\t<h2 class=\"elementor-heading-title elementor-size-default\">Preguntas Frecuentes sobre VPO en Bormujos<\/h2>\t\t\t\t<\/div>\n\t\t\t\t\t<\/div>\n\t\t\t\t<\/div>\n\t\t<div class=\"elementor-element elementor-element-0c04de8 e-con-full e-flex wcf-starter-animations-none e-con e-parent\" data-id=\"0c04de8\" data-element_type=\"container\" data-e-type=\"container\">\n\t\t\t\t<div class=\"elementor-element elementor-element-80f39aa elementor-widget elementor-widget-html\" data-id=\"80f39aa\" data-element_type=\"widget\" data-e-type=\"widget\" data-widget_type=\"html.default\">\n\t\t\t\t\t<!-- =============================================\r\n     FAQ VPO - EDIFICIO LA PORTADA (WIDGET AMPLIADO SEO)\r\n     Con Schema JSON-LD para Google\r\n     ============================================= -->\r\n\r\n<!-- Schema JSON-LD (invisible para usuarios, visible para Google) -->\r\n<script type=\"application\/ld+json\">\r\n{\r\n  \"@context\": \"https:\/\/schema.org\",\r\n  \"@type\": \"FAQPage\",\r\n  \"mainEntity\": [\r\n    {\r\n      \"@type\": \"Question\",\r\n      \"name\": \"\u00bfD\u00f3nde se encuentra Edificio La Portada?\",\r\n      \"acceptedAnswer\": {\r\n        \"@type\": \"Answer\",\r\n        \"text\": \"Edificio La Portada est\u00e1 situado en la Calle Paraje de Paterna, en Bormujos (Sevilla), dentro del Aljarafe sevillano. Se encuentra a solo 15 minutos andando del centro del municipio y con acceso directo a la autov\u00eda A-49 hacia Sevilla.\"\r\n      }\r\n    },\r\n    {\r\n      \"@type\": \"Question\",\r\n      \"name\": \"\u00bfC\u00f3mo puedo inscribirme en el Registro de Demandantes VPO de Bormujos?\",\r\n      \"acceptedAnswer\": {\r\n        \"@type\": \"Answer\",\r\n        \"text\": \"Para inscribirte en el Registro de Demandantes de Vivienda Protegida debes acudir a la Oficina de Vivienda del Ayuntamiento de Bormujos en Avda. Rep\u00fablica Argentina, 15. Tambi\u00e9n puedes contactar con nosotros en el 628 302 685 para ayudarte con el proceso.\"\r\n      }\r\n    },\r\n    {\r\n      \"@type\": \"Question\",\r\n      \"name\": \"\u00bfQu\u00e9 precio tienen las viviendas de Edificio La Portada?\",\r\n      \"acceptedAnswer\": {\r\n        \"@type\": \"Answer\",\r\n        \"text\": \"Los precios van desde 173.200 euros hasta 253.600 euros (IVA no incluido). Todas las viviendas incluyen plaza de garaje y trastero en el precio.\"\r\n      }\r\n    },\r\n    {\r\n      \"@type\": \"Question\",\r\n      \"name\": \"\u00bfQu\u00e9 tipos de vivienda ofrece Edificio La Portada?\",\r\n      \"acceptedAnswer\": {\r\n        \"@type\": \"Answer\",\r\n        \"text\": \"Edificio La Portada ofrece hasta 17 tipolog\u00edas diferentes: apartamentos de 2 dormitorios desde 54,89 m\u00b2 \u00fatiles, pisos de 3 dormitorios desde 69,94 m\u00b2 \u00fatiles, \u00e1ticos con sol\u00e1rium de hasta 83 m\u00b2, viviendas en planta baja con jard\u00edn privado, y adosados unifamiliares con garaje propio, jard\u00edn y sol\u00e1rium.\"\r\n      }\r\n    },\r\n    {\r\n      \"@type\": \"Question\",\r\n      \"name\": \"\u00bfLas viviendas incluyen garaje?\",\r\n      \"acceptedAnswer\": {\r\n        \"@type\": \"Answer\",\r\n        \"text\": \"S\u00ed, todas las viviendas de Edificio La Portada incluyen plaza de garaje en s\u00f3tano comunitario con puerta motorizada, adem\u00e1s de trastero incluido en el precio.\"\r\n      }\r\n    }\r\n  ]\r\n}\r\n<\/script>\r\n\r\n<!-- Estilos para secci\u00f3n FAQ VPO -->\r\n<style>\r\n.vpo-inscripcion {\r\n    max-width: 1100px;\r\n    margin: 0 auto;\r\n    padding: 60px 20px;\r\n}\r\n\r\n.vpo-faq-title {\r\n    text-align: center;\r\n    font-size: 36px;\r\n    font-weight: 700;\r\n    color: #1a1a1a;\r\n    margin-bottom: 50px;\r\n}\r\n\r\n.vpo-faq-inner {\r\n    display: grid;\r\n    grid-template-columns: 1fr 1fr;\r\n    column-gap: 40px;\r\n}\r\n\r\n.faq-item {\r\n    border-bottom: 1px solid #e0e0e0;\r\n    margin-bottom: 0;\r\n}\r\n\r\n.faq-question {\r\n    background: #ffffff;\r\n    padding: 20px 25px;\r\n    cursor: pointer;\r\n    display: flex;\r\n    justify-content: space-between;\r\n    align-items: center;\r\n    font-size: 17px;\r\n    font-weight: 600;\r\n    color: #1a1a1a;\r\n    transition: all 0.3s ease;\r\n    user-select: none;\r\n}\r\n\r\n.faq-question:hover {\r\n    background: #f8f8f8;\r\n}\r\n\r\n.faq-question.active {\r\n    background: #b2981b;\r\n    color: #ffffff;\r\n}\r\n\r\n.faq-icon {\r\n    font-size: 24px;\r\n    font-weight: 300;\r\n    transition: transform 0.3s ease;\r\n    flex-shrink: 0;\r\n    margin-left: 15px;\r\n}\r\n\r\n.faq-question.active .faq-icon {\r\n    transform: rotate(45deg);\r\n}\r\n\r\n.faq-answer {\r\n    max-height: 0;\r\n    overflow: hidden;\r\n    transition: max-height 0.4s ease, padding 0.4s ease;\r\n    background: #fafafa;\r\n}\r\n\r\n.faq-answer-content {\r\n    padding: 0 25px;\r\n    font-size: 15px;\r\n    line-height: 1.7;\r\n    color: #444;\r\n}\r\n\r\n.faq-answer.active {\r\n    max-height: 2000px;\r\n    padding: 20px 0;\r\n}\r\n\r\n.vpo-destacado {\r\n    background: #fffbf0;\r\n    border-left: 4px solid #b2981b;\r\n    padding: 20px;\r\n    margin: 15px 0;\r\n    border-radius: 4px;\r\n}\r\n\r\n.vpo-destacado strong {\r\n    color: #1a1a1a;\r\n    font-weight: 700;\r\n}\r\n\r\n@media (max-width: 900px) {\r\n    .vpo-faq-inner {\r\n        grid-template-columns: 1fr;\r\n    }\r\n}\r\n\r\n@media (max-width: 768px) {\r\n    .vpo-faq-title {\r\n        font-size: 28px;\r\n        margin-bottom: 30px;\r\n    }\r\n    \r\n    .faq-question {\r\n        padding: 16px 18px;\r\n        font-size: 15px;\r\n    }\r\n    \r\n    .faq-answer-content {\r\n        padding: 0 18px;\r\n        font-size: 14px;\r\n    }\r\n}\r\n<\/style>\r\n\r\n<!-- HTML visible -->\r\n<div class=\"vpo-inscripcion\">\r\n    <h2 class=\"vpo-faq-title\">Preguntas frecuentes sobre Edificio La Portada<\/h2>\r\n    \r\n    <!-- Secci\u00f3n FAQ acorde\u00f3n -->\r\n    <div class=\"vpo-faq-inner\">\r\n        <!-- Columna izquierda -->\r\n        <div class=\"faq-column\">\r\n            <div class=\"faq-item\">\r\n                <div class=\"faq-question\">\r\n                    <span>\u00bfD\u00f3nde se encuentra Edificio La Portada?<\/span>\r\n                    <span class=\"faq-icon\">+<\/span>\r\n                <\/div>\r\n                <div class=\"faq-answer\">\r\n                    <div class=\"faq-answer-content\">\r\n                        <p>Edificio La Portada est\u00e1 situado en la <strong>Calle Paraje de Paterna, en Bormujos (Sevilla)<\/strong>, dentro del Aljarafe sevillano.<\/p>\r\n                        <div class=\"vpo-destacado\">\r\n                            <strong>Ubicaci\u00f3n privilegiada:<\/strong><br>\r\n                            \u2022 A 15 minutos a pie del centro de Bormujos<br>\r\n                            \u2022 Acceso directo a la A-49 hacia Sevilla (5 min en coche)<br>\r\n                            \u2022 Supermercados y colegios a 2-5 minutos\r\n                        <\/div>\r\n                        <p>Una zona consolidada con todos los servicios al alcance y excelente conexi\u00f3n con Sevilla capital.<\/p>\r\n                    <\/div>\r\n                <\/div>\r\n            <\/div>\r\n\r\n            <div class=\"faq-item\">\r\n                <div class=\"faq-question\">\r\n                    <span>\u00bfCu\u00e1ntas viviendas tiene Edificio La Portada?<\/span>\r\n                    <span class=\"faq-icon\">+<\/span>\r\n                <\/div>\r\n                <div class=\"faq-answer\">\r\n                    <div class=\"faq-answer-content\">\r\n                        <p>La promoci\u00f3n consta de <strong>31 viviendas de Protecci\u00f3n Oficial<\/strong> de 2 y 3 dormitorios, incluyendo apartamentos, \u00e1ticos con sol\u00e1rium y viviendas en planta baja con jard\u00edn.<\/p>\r\n                        <p>De las cuales  <strong>9 viviendas son unifamiliares adosadas<\/strong> de 3 dormitorios con garaje privado, jard\u00edn y sol\u00e1rium.<\/p>\r\n                        <div class=\"vpo-destacado\">\r\n                            <strong>Total: 40 viviendas<\/strong> en r\u00e9gimen de protecci\u00f3n oficial con hasta 17 tipolog\u00edas diferentes.\r\n                        <\/div>\r\n                    <\/div>\r\n                <\/div>\r\n            <\/div>\r\n\r\n            <div class=\"faq-item\">\r\n                <div class=\"faq-question\">\r\n                    <span>\u00bfQu\u00e9 precio tienen las viviendas?<\/span>\r\n                    <span class=\"faq-icon\">+<\/span>\r\n                <\/div>\r\n                <div class=\"faq-answer\">\r\n                    <div class=\"faq-answer-content\">\r\n                        <p>Los precios de las viviendas VPO de Edificio La Portada est\u00e1n regulados por la Junta de Andaluc\u00eda:<\/p>\r\n                        <ul style=\"margin: 10px 0; padding-left: 20px;\">\r\n                            <li><strong>Desde 173.200 \u20ac<\/strong> (viviendas de 2 dormitorios)<\/li>\r\n                            <li><strong>Hasta 253.600 \u20ac<\/strong> (\u00e1ticos y adosados)<\/li>\r\n                        <\/ul>\r\n                        <div class=\"vpo-destacado\">\r\n                            <strong>Todas las viviendas incluyen:<\/strong> plaza de garaje y trastero en el precio (IVA no incluido).\r\n                        <\/div>\r\n                        <p>Consulta disponibilidad y precios actualizados en el <strong>628 302 685<\/strong><\/p>\r\n                    <\/div>\r\n                <\/div>\r\n            <\/div>\r\n\r\n            <div class=\"faq-item\">\r\n                <div class=\"faq-question\">\r\n                    <span>\u00bfC\u00f3mo puedo comprar una VPO en Bormujos?<\/span>\r\n                    <span class=\"faq-icon\">+<\/span>\r\n                <\/div>\r\n                <div class=\"faq-answer\">\r\n                    <div class=\"faq-answer-content\">\r\n                        <p>Para optar a una vivienda de Protecci\u00f3n Oficial en Bormujos es necesario <strong>inscribirse en el Registro de Demandantes de Vivienda Protegida del Ayuntamiento<\/strong>.<\/p>\r\n                        <div class=\"vpo-destacado\">\r\n                            <strong>Oficina de Vivienda de Bormujos:<\/strong><br>\r\n                            \ud83d\udccd Avda. Rep\u00fablica Argentina, 15<br>\r\n                            \ud83d\udcde Informaci\u00f3n: 628 302 685\r\n                        <\/div>\r\n                        <p>Nuestro equipo te ayuda con todo el proceso de inscripci\u00f3n y te informa sobre los requisitos y documentaci\u00f3n necesaria.<\/p>\r\n                    <\/div>\r\n                <\/div>\r\n            <\/div>\r\n\r\n            <div class=\"faq-item\">\r\n                <div class=\"faq-question\">\r\n                    <span>\u00bfLas viviendas incluyen garaje?<\/span>\r\n                    <span class=\"faq-icon\">+<\/span>\r\n                <\/div>\r\n                <div class=\"faq-answer\">\r\n                    <div class=\"faq-answer-content\">\r\n                        <p>S\u00ed, <strong>todas las viviendas de Edificio La Portada incluyen plaza de garaje<\/strong> en s\u00f3tano comunitario con puerta motorizada, adem\u00e1s de trastero.<\/p>\r\n                        <p>Los adosados (Tipo G) disponen de <strong>garaje privado individual<\/strong> en su propia parcela.<\/p>\r\n                        <p>Tanto el garaje como el trastero est\u00e1n incluidos en el precio de la vivienda.<\/p>\r\n                    <\/div>\r\n                <\/div>\r\n            <\/div>\r\n\r\n            <div class=\"faq-item\">\r\n                <div class=\"faq-question\">\r\n                    <span>\u00bfQu\u00e9 tipos de vivienda ofrece Edificio La Portada?<\/span>\r\n                    <span class=\"faq-icon\">+<\/span>\r\n                <\/div>\r\n                <div class=\"faq-answer\">\r\n                    <div class=\"faq-answer-content\">\r\n                        <p>Edificio La Portada ofrece <strong>hasta 17 tipolog\u00edas diferentes<\/strong> para adaptarse a cada necesidad:<\/p>\r\n                        <ul style=\"margin: 10px 0; padding-left: 20px;\">\r\n                            <li><strong>Apartamentos de 2 dormitorios<\/strong> (Tipo B): desde 54,89 m\u00b2 \u00fatiles<\/li>\r\n                            <li><strong>Pisos de 3 dormitorios<\/strong> (Tipos A, C, D): desde 69,94 m\u00b2 \u00fatiles<\/li>\r\n                            <li><strong>\u00c1ticos con sol\u00e1rium<\/strong>: hasta 83 m\u00b2 de terraza privada<\/li>\r\n                            <li><strong>Viviendas en planta baja<\/strong>: con jard\u00edn privado de hasta 44 m\u00b2<\/li>\r\n                            <li><strong>Adosados unifamiliares<\/strong> (Tipo G): 82,76 m\u00b2 \u00fatiles con garaje propio, jard\u00edn y sol\u00e1rium<\/li>\r\n                        <\/ul>\r\n                        <p>Consulta disponibilidad de cada tipolog\u00eda en el <strong>628 302 685<\/strong><\/p>\r\n                    <\/div>\r\n                <\/div>\r\n            <\/div>\r\n\r\n            <div class=\"faq-item\">\r\n                <div class=\"faq-question\">\r\n                    <span>\u00bfEdificio La Portada tiene piscina?<\/span>\r\n                    <span class=\"faq-icon\">+<\/span>\r\n                <\/div>\r\n                <div class=\"faq-answer\">\r\n                    <div class=\"faq-answer-content\">\r\n                        <p>No, la promoci\u00f3n no incluye piscina comunitaria.<\/p>\r\n                        <p>Sin embargo, dispone de <strong>amplias zonas comunes ajardinadas con paseos<\/strong> y espacios de descanso para disfrutar del entorno.<\/p>\r\n                        <div class=\"vpo-destacado\">\r\n                            <strong>Espacios exteriores privativos:<\/strong><br>\r\n                            \u2022 \u00c1ticos con sol\u00e1rium de hasta 83 m\u00b2<br>\r\n                            \u2022 Jardines privados en planta baja de hasta 44 m\u00b2<br>\r\n                            \u2022 Todas las viviendas con terraza\r\n                        <\/div>\r\n                    <\/div>\r\n                <\/div>\r\n            <\/div>\r\n        <\/div>\r\n\r\n        <!-- Columna derecha -->\r\n        <div class=\"faq-column\">\r\n            <div class=\"faq-item\">\r\n                <div class=\"faq-question\">\r\n                    <span>\u00bfQu\u00e9 documentaci\u00f3n necesito para inscribirme en el Registro VPO?<\/span>\r\n                    <span class=\"faq-icon\">+<\/span>\r\n                <\/div>\r\n                <div class=\"faq-answer\">\r\n                    <div class=\"faq-answer-content\">\r\n                        <p>Para inscribirte en el Registro de Demandantes de Vivienda Protegida de Bormujos necesitar\u00e1s:<\/p>\r\n                        <ul style=\"margin: 10px 0; padding-left: 20px;\">\r\n                            <li>DNI o NIE en vigor<\/li>\r\n                            <li>Certificado de empadronamiento<\/li>\r\n                            <li>Documentaci\u00f3n econ\u00f3mica (IRPF, n\u00f3minas)<\/li>\r\n                            <li>Libro de familia (si procede)<\/li>\r\n                            <li>Declaraci\u00f3n responsable de no ser propietario de otra vivienda<\/li>\r\n                        <\/ul>\r\n                        <p><strong>Te ayudamos con el proceso.<\/strong> Llama al 628 302 685 para confirmar la documentaci\u00f3n espec\u00edfica seg\u00fan tu caso.<\/p>\r\n                    <\/div>\r\n                <\/div>\r\n            <\/div>\r\n\r\n            <div class=\"faq-item\">\r\n                <div class=\"faq-question\">\r\n                    <span>\u00bfCu\u00e1les son los requisitos de ingresos para VPO en Bormujos?<\/span>\r\n                    <span class=\"faq-icon\">+<\/span>\r\n                <\/div>\r\n                <div class=\"faq-answer\">\r\n                    <div class=\"faq-answer-content\">\r\n                        <p>Para acceder a viviendas de protecci\u00f3n oficial en Bormujos, los ingresos familiares no deben superar el l\u00edmite establecido por la Junta de Andaluc\u00eda.<\/p>\r\n                        <p>Para viviendas VPO de r\u00e9gimen general, el l\u00edmite suele estar en torno a <strong>5,5 veces el IPREM<\/strong>, aproximadamente 70.000 \u20ac anuales para unidades familiares.<\/p>\r\n                        <p>El l\u00edmite var\u00eda seg\u00fan el n\u00famero de miembros de la unidad familiar y otras circunstancias.<\/p>\r\n                        <div class=\"vpo-destacado\">\r\n                            <strong>Consulta tu caso particular:<\/strong> 628 302 685\r\n                        <\/div>\r\n                    <\/div>\r\n                <\/div>\r\n            <\/div>\r\n\r\n            <div class=\"faq-item\">\r\n                <div class=\"faq-question\">\r\n                    <span>\u00bfPuedo financiar una vivienda VPO con hipoteca?<\/span>\r\n                    <span class=\"faq-icon\">+<\/span>\r\n                <\/div>\r\n                <div class=\"faq-answer\">\r\n                    <div class=\"faq-answer-content\">\r\n                        <p>S\u00ed, las viviendas de protecci\u00f3n oficial pueden financiarse mediante hipoteca igual que cualquier otra vivienda.<\/p>\r\n                        <p>Muchas entidades bancarias ofrecen <strong>condiciones preferentes para hipotecas VPO<\/strong>, con tipos de inter\u00e9s m\u00e1s competitivos que para viviendas de mercado libre.<\/p>\r\n                        <p>Nuestro equipo puede asesorarte sobre las diferentes opciones de financiaci\u00f3n disponibles.<\/p>\r\n                        <p>Contacta en el <strong>628 302 685<\/strong> para recibir informaci\u00f3n personalizada sobre financiaci\u00f3n.<\/p>\r\n                    <\/div>\r\n                <\/div>\r\n            <\/div>\r\n\r\n            <div class=\"faq-item\">\r\n                <div class=\"faq-question\">\r\n                    <span>\u00bfHay ayudas para comprar vivienda VPO?<\/span>\r\n                    <span class=\"faq-icon\">+<\/span>\r\n                <\/div>\r\n                <div class=\"faq-answer\">\r\n                    <div class=\"faq-answer-content\">\r\n                        <p>S\u00ed, existen diferentes ayudas p\u00fablicas para la compra de vivienda de protecci\u00f3n oficial:<\/p>\r\n                        <p><strong>Ayudas de la Junta de Andaluc\u00eda:<\/strong> subvenciones directas para j\u00f3venes menores de 35 a\u00f1os, familias numerosas y otros colectivos prioritarios.<\/p>\r\n                        <p><strong>Ayudas estatales:<\/strong> el Plan Estatal de Vivienda contempla ayudas para j\u00f3venes y colectivos vulnerables.<\/p>\r\n                        <p>Te informamos sobre todas las ayudas a las que puedes acceder seg\u00fan tu perfil.<\/p>\r\n                        <p><strong>Llama al 628 302 685<\/strong> para consultar tu caso espec\u00edfico.<\/p>\r\n                    <\/div>\r\n                <\/div>\r\n            <\/div>\r\n\r\n            <div class=\"faq-item\">\r\n                <div class=\"faq-question\">\r\n                    <span>\u00bfQu\u00e9 calidades tienen las viviendas de Edificio La Portada?<\/span>\r\n                    <span class=\"faq-icon\">+<\/span>\r\n                <\/div>\r\n                <div class=\"faq-answer\">\r\n                    <div class=\"faq-answer-content\">\r\n                        <p>Edificio La Portada ofrece <strong>calidades superiores en vivienda protegida<\/strong>:<\/p>\r\n                        <ul style=\"margin: 10px 0; padding-left: 20px;\">\r\n                            <li><strong>Aerotermia<\/strong> para agua caliente sanitaria<\/li>\r\n                            <li><strong>Instalaci\u00f3n fotovoltaica<\/strong> en zonas comunes<\/li>\r\n                            <li><strong>Doble acristalamiento<\/strong> con c\u00e1mara de aire<\/li>\r\n                            <li><strong>Suelos laminados SPC<\/strong> de alta dureza<\/li>\r\n                            <li><strong>Carpinter\u00eda lacada<\/strong> en blanco<\/li>\r\n                            <li><strong>Puertas de seguridad<\/strong><\/li>\r\n                            <li>Preinstalaci\u00f3n de aire acondicionado<\/li>\r\n                            <li>Aislamiento t\u00e9rmico y ac\u00fastico<\/li>\r\n                        <\/ul>\r\n                        <p>Calidades que demuestran que VPO y alta calidad son compatibles.<\/p>\r\n                    <\/div>\r\n                <\/div>\r\n            <\/div>\r\n\r\n            <div class=\"faq-item\">\r\n                <div class=\"faq-question\">\r\n                    <span>\u00bfC\u00f3mo puedo contactar con Edificio La Portada?<\/span>\r\n                    <span class=\"faq-icon\">+<\/span>\r\n                <\/div>\r\n                <div class=\"faq-answer\">\r\n                    <div class=\"faq-answer-content\">\r\n                        <div class=\"vpo-destacado\">\r\n                            <strong>\ud83d\udcde Tel\u00e9fono:<\/strong> 628 302 685<br>\r\n                            <strong>\ud83d\udce7 Email:<\/strong> info@edificiolaportada.com<br>\r\n                            <strong>\ud83c\udf10 Web:<\/strong> edificiolaportada.com\r\n                        <\/div>\r\n                        <p>Nuestro equipo comercial te atender\u00e1 y resolver\u00e1 todas tus dudas sobre el proyecto, el proceso de inscripci\u00f3n en el Registro VPO de Bormujos y las tipolog\u00edas disponibles.<\/p>\r\n                    <\/div>\r\n                <\/div>\r\n            <\/div>\r\n\r\n            <div class=\"faq-item\">\r\n                <div class=\"faq-question\">\r\n                    <span>\u00bfPuedo comprar una VPO si ya soy propietario de otra vivienda?<\/span>\r\n                    <span class=\"faq-icon\">+<\/span>\r\n                <\/div>\r\n                <div class=\"faq-answer\">\r\n                    <div class=\"faq-answer-content\">\r\n                        <p>No. Para acceder a una vivienda de protecci\u00f3n oficial es requisito indispensable <strong>no ser titular de pleno dominio de otra vivienda<\/strong>, ya sea protegida o libre.<\/p>\r\n                        <p>Este requisito est\u00e1 establecido por la normativa de vivienda protegida de la Junta de Andaluc\u00eda.<\/p>\r\n                        <p>Deber\u00e1s presentar una declaraci\u00f3n responsable confirmando que no eres propietario de ninguna otra vivienda.<\/p>\r\n                        <p>Si tienes dudas sobre tu situaci\u00f3n particular, consulta en el <strong>628 302 685<\/strong>.<\/p>\r\n                    <\/div>\r\n                <\/div>\r\n            <\/div>\r\n        <\/div>\r\n    <\/div>\r\n<\/div>\r\n\r\n<!-- JavaScript para acorde\u00f3n -->\r\n<script>\r\n(function() {\r\n    const container = document.querySelector('.vpo-inscripcion');\r\n    if (!container) return;\r\n\r\n    const questions = container.querySelectorAll('.faq-question');\r\n    \r\n    questions.forEach(function(question) {\r\n        question.addEventListener('click', function() {\r\n            const answer = this.nextElementSibling;\r\n            const isActive = this.classList.contains('active');\r\n            \r\n            questions.forEach(function(q) {\r\n                q.classList.remove('active');\r\n                q.nextElementSibling.classList.remove('active');\r\n            });\r\n            \r\n            if (!isActive) {\r\n                this.classList.add('active');\r\n                answer.classList.add('active');\r\n            }\r\n        });\r\n    });\r\n})();\r\n<\/script>\t\t\t\t<\/div>\n\t\t\t\t<\/div>\n\t\t\t\t<\/div>\n\t\t","protected":false},"excerpt":{"rendered":"<p>Viviendas de Protecci\u00f3n Oficial en Bormujos \u2014 Edificio La Portada Edificio La Portada es una promoci\u00f3n de viviendas de Protecci\u00f3n Oficial (VPO) en Bormujos Apartamentos, adosados y \u00e1ticos con sol\u00e1rium. Ubicada en la Calle Paraje de Paterna \u00bfQuieres acceder a estas viviendas VPO en Bormujos? Para acceder a Edificio La Portada es obligatorio estar inscrito [&hellip;]<\/p>\n","protected":false},"author":1,"featured_media":0,"parent":0,"menu_order":0,"comment_status":"closed","ping_status":"closed","template":"elementor_header_footer","meta":{"footnotes":""},"class_list":["post-6","page","type-page","status-publish","hentry"],"_links":{"self":[{"href":"https:\/\/edificiolaportada.com\/index.php\/wp-json\/wp\/v2\/pages\/6","targetHints":{"allow":["GET"]}}],"collection":[{"href":"https:\/\/edificiolaportada.com\/index.php\/wp-json\/wp\/v2\/pages"}],"about":[{"href":"https:\/\/edificiolaportada.com\/index.php\/wp-json\/wp\/v2\/types\/page"}],"author":[{"embeddable":true,"href":"https:\/\/edificiolaportada.com\/index.php\/wp-json\/wp\/v2\/users\/1"}],"replies":[{"embeddable":true,"href":"https:\/\/edificiolaportada.com\/index.php\/wp-json\/wp\/v2\/comments?post=6"}],"version-history":[{"count":1095,"href":"https:\/\/edificiolaportada.com\/index.php\/wp-json\/wp\/v2\/pages\/6\/revisions"}],"predecessor-version":[{"id":13136,"href":"https:\/\/edificiolaportada.com\/index.php\/wp-json\/wp\/v2\/pages\/6\/revisions\/13136"}],"wp:attachment":[{"href":"https:\/\/edificiolaportada.com\/index.php\/wp-json\/wp\/v2\/media?parent=6"}],"curies":[{"name":"wp","href":"https:\/\/api.w.org\/{rel}","templated":true}]}}